{"id":561162,"date":"2024-05-23T14:37:19","date_gmt":"2024-05-23T13:37:19","guid":{"rendered":"https:\/\/droix.eu\/product\/ayn-odin-2-mini-pro\/"},"modified":"2026-01-20T04:41:19","modified_gmt":"2026-01-20T04:41:19","slug":"ayn-odin-2-mini-pro","status":"publish","type":"product","link":"https:\/\/droix.eu\/hu\/product\/ayn-odin-2-mini-pro\/","title":{"rendered":"AYN Odin 2 Mini Pro"},"content":{"rendered":"\n<figure class=\"wp-block-video\"><video height=\"720\" style=\"aspect-ratio: 1280 \/ 720;\" width=\"1280\" controls=\"\" poster=\"https:\/\/droix.eu\/wp-content\/uploads\/2024\/05\/maxresdefault-2.jpg\" src=\"https:\/\/droix.eu\/wp-content\/uploads\/2024\/06\/y2mate.so-AYN-Odin2-mini_-Physical-Sample-Showcase-JCoN77LVUtY-720p-1717491422.mp4\"><\/video><\/figure>\n\n<div class=\"wp-block-columns is-layout-flex wp-container-core-columns-is-layout-28f84493 wp-block-columns-is-layout-flex\">\n<div class=\"wp-block-column is-layout-flow wp-block-column-is-layout-flow\" style=\"flex-basis:33.33%\">\n<figure class=\"wp-block-image size-full\"><a href=\"https:\/\/droix.eu\/wp-content\/uploads\/2024\/06\/AYN-ODIN-2-MINI-MARKETING-DONE-01.png\"><img fetchpriority=\"high\" decoding=\"async\" width=\"1000\" height=\"889\" src=\"https:\/\/droix.eu\/wp-content\/uploads\/2024\/06\/AYN-ODIN-2-MINI-MARKETING-DONE-01.png\" alt=\"Ayn Odin 2 Mini, egy hordozhat&#xF3; j&#xE1;t&#xE9;kra &#xE9;s multim&#xE9;di&#xE1;s sz&#xF3;rakoz&#xE1;sra tervezett Android j&#xE1;t&#xE9;kkonzol.\" class=\"wp-image-180051\" srcset=\"https:\/\/droix.eu\/wp-content\/uploads\/2024\/06\/AYN-ODIN-2-MINI-MARKETING-DONE-01.png 1000w, https:\/\/droix.eu\/wp-content\/uploads\/2024\/06\/AYN-ODIN-2-MINI-MARKETING-DONE-01-150x133.png 150w, https:\/\/droix.eu\/wp-content\/uploads\/2024\/06\/AYN-ODIN-2-MINI-MARKETING-DONE-01-300x267.png 300w, https:\/\/droix.eu\/wp-content\/uploads\/2024\/06\/AYN-ODIN-2-MINI-MARKETING-DONE-01-768x683.png 768w, https:\/\/droix.eu\/wp-content\/uploads\/2024\/06\/AYN-ODIN-2-MINI-MARKETING-DONE-01-990x880.png 990w, https:\/\/droix.eu\/wp-content\/uploads\/2024\/06\/AYN-ODIN-2-MINI-MARKETING-DONE-01-441x392.png 441w\" sizes=\"(max-width: 1000px) 100vw, 1000px\" \/><\/a><\/figure>\n<\/div>\n\n\n\n<div class=\"wp-block-column is-layout-flow wp-block-column-is-layout-flow\" style=\"flex-basis:66.66%\">\n<h3 class=\"wp-block-heading\"><strong>AYN Odin 2 Mini Pro: A v\u00e9gs\u0151 Android j\u00e1t\u00e9kk\u00e9zisz\u00e1m\u00edt\u00f3g\u00e9p<\/strong><\/h3>\n\n\n\n<p>Tapasztald meg a k\u00e9zi j\u00e1t\u00e9k j\u00f6v\u0151j\u00e9t az AYN Odin 2 Mini Pro-val, egy forradalmi Android k\u00e9zi j\u00e1t\u00e9kg\u00e9ppel, amely \u00fajradefini\u00e1lja a j\u00e1t\u00e9k m\u00f3dj\u00e1t. A cs\u00facstechnol\u00f3gi\u00e1s Snapdragon 8 Gen 2 processzorral \u00e9s 12 GB LPDDR5X RAM-mal felszerelt k\u00e9sz\u00fcl\u00e9k p\u00e1ratlan teljes\u00edtm\u00e9nyt k\u00edn\u00e1l a tenyeredben. A kompakt Mini LED-es kijelz\u0151vel \u00e9s a robusztus akt\u00edv h\u0171t\u0151rendszerrel az Odin 2 Mini Pro kompromisszumok n\u00e9lk\u00fcli, z\u00f6kken\u0151mentes j\u00e1t\u00e9k\u00e9lm\u00e9nyt ny\u00fajt. Ak\u00e1r otthon, ak\u00e1r \u00fatk\u00f6zben, ez az er\u0151m\u0171 a nagy teljes\u00edtm\u00e9nyt kiv\u00e9teles hordozhat\u00f3s\u00e1ggal \u00f6tv\u00f6zi, \u00edgy a legjobbat ig\u00e9nyl\u0151 j\u00e1t\u00e9krajong\u00f3k sz\u00e1m\u00e1ra a legjobb v\u00e1laszt\u00e1s.   <\/p>\n<\/div>\n<\/div>\n\n<h3 class=\"wp-block-heading\"><strong>Term\u00e9k \u00e1ttekint\u00e9s<\/strong><\/h3>\n\n<p>Az AYN Odin 2 Mini Pro nem csak egy \u00fajabb k\u00e9zi j\u00e1t\u00e9kkonzol; ez egy \u00e1tfog\u00f3 megold\u00e1s a teljes\u00edtm\u00e9nyre \u00e9s mobilit\u00e1sra v\u00e1gy\u00f3 j\u00e1t\u00e9kosok sz\u00e1m\u00e1ra. A k\u00e9sz\u00fcl\u00e9k sz\u00edv\u00e9ben a <a href=\"https:\/\/droix.eu\/product-attribute\/processor-cpu-model\/snapdragon-8-gen-2\/\" target=\"_blank\" rel=\"noreferrer noopener\">Snapdragon 8 Gen 2<\/a> CPU \u00e1ll, amely hat\u00e9kony t\u00f6bbfeladat\u00fa m\u0171k\u00f6d\u00e9st \u00e9s tart\u00f3s energiahat\u00e9konys\u00e1got biztos\u00edt. Ez a konfigur\u00e1ci\u00f3 lehet\u0151v\u00e9 teszi, hogy az Odin 2 Mini Pro a legig\u00e9nyesebb j\u00e1t\u00e9kokat is k\u00f6nnyed\u00e9n kezelje, mik\u00f6zben alacsonyabb energiafogyaszt\u00e1st biztos\u00edt.  <\/p>\n\n<figure class=\"wp-block-image aligncenter size-full\"><a href=\"https:\/\/droix.eu\/wp-content\/uploads\/2024\/06\/AYN-ODIN-2-MINI-MARKETING-DONE-02.png\"><img decoding=\"async\" width=\"1000\" height=\"876\" src=\"https:\/\/droix.eu\/wp-content\/uploads\/2024\/06\/AYN-ODIN-2-MINI-MARKETING-DONE-02.png\" alt=\"Az Ayn Odin 2 Mini Snapdragon 8 Gen 2 processzorral, amely nagy teljes&#xED;tm&#xE9;nyt ny&#xFA;jt a fokozott j&#xE1;t&#xE9;k- &#xE9;s multim&#xE9;di&#xE1;s &#xE9;lm&#xE9;nyekhez.\" class=\"wp-image-180052\" srcset=\"https:\/\/droix.eu\/wp-content\/uploads\/2024\/06\/AYN-ODIN-2-MINI-MARKETING-DONE-02.png 1000w, https:\/\/droix.eu\/wp-content\/uploads\/2024\/06\/AYN-ODIN-2-MINI-MARKETING-DONE-02-150x131.png 150w, https:\/\/droix.eu\/wp-content\/uploads\/2024\/06\/AYN-ODIN-2-MINI-MARKETING-DONE-02-300x263.png 300w, https:\/\/droix.eu\/wp-content\/uploads\/2024\/06\/AYN-ODIN-2-MINI-MARKETING-DONE-02-768x673.png 768w, https:\/\/droix.eu\/wp-content\/uploads\/2024\/06\/AYN-ODIN-2-MINI-MARKETING-DONE-02-990x867.png 990w, https:\/\/droix.eu\/wp-content\/uploads\/2024\/06\/AYN-ODIN-2-MINI-MARKETING-DONE-02-441x386.png 441w\" sizes=\"(max-width: 1000px) 100vw, 1000px\" \/><\/a><\/figure>\n\n<p>Az 5 h\u00fcvelykes Mini <a href=\"https:\/\/droix.eu\/product-attribute\/display-type\/led-backlit-lcd-monitor-tft-active-matrix\/\" target=\"_blank\" rel=\"noreferrer noopener\">LED 1080P<\/a> kijelz\u0151vel rendelkez\u0151 Odin 2 Mini Pro \u00e9l\u00e9nk, \u00e9les k\u00e9pi megjelen\u00edt\u00e9st biztos\u00edt, amely \u00e9letre kelti a j\u00e1t\u00e9kokat, mik\u00f6zben a 60 Hz-es friss\u00edt\u00e9si frekvencia egyenletes, \u00e9s azonnal reag\u00e1l az \u00e9rint\u00e9sre. Ez az ergonomikus kialak\u00edt\u00e1s biztos\u00edtja a k\u00e9nyelmet a hosszabb j\u00e1t\u00e9kmenetek sor\u00e1n, \u00e9s a mind\u00f6ssze 19,8 x 8,5 x 1,95 cm-es m\u00e9reteivel \u00e9s 320 g-os s\u00faly\u00e1val k\u00e9nyelmesen elf\u00e9r a kezedben \u00e9s a t\u00e1sk\u00e1dban.<\/p>\n\n<figure class=\"wp-block-image aligncenter size-full\"><a href=\"https:\/\/droix.eu\/wp-content\/uploads\/2024\/06\/AYN-ODIN-2-MINI-MARKETING-DONE-09.png\"><img decoding=\"async\" width=\"1000\" height=\"603\" src=\"https:\/\/droix.eu\/wp-content\/uploads\/2024\/06\/AYN-ODIN-2-MINI-MARKETING-DONE-09.png\" alt=\"Ayn Odin 2 Mini, kompakt m&#xE9;retei 19,8 x 8,5 x 1,95 cm &#xE9;s 320 g-os s&#xFA;lya ide&#xE1;lis a hordozhat&#xF3; j&#xE1;t&#xE9;khoz &#xE9;s sz&#xF3;rakoz&#xE1;shoz.\" class=\"wp-image-180054\" srcset=\"https:\/\/droix.eu\/wp-content\/uploads\/2024\/06\/AYN-ODIN-2-MINI-MARKETING-DONE-09.png 1000w, https:\/\/droix.eu\/wp-content\/uploads\/2024\/06\/AYN-ODIN-2-MINI-MARKETING-DONE-09-150x90.png 150w, https:\/\/droix.eu\/wp-content\/uploads\/2024\/06\/AYN-ODIN-2-MINI-MARKETING-DONE-09-300x181.png 300w, https:\/\/droix.eu\/wp-content\/uploads\/2024\/06\/AYN-ODIN-2-MINI-MARKETING-DONE-09-768x463.png 768w, https:\/\/droix.eu\/wp-content\/uploads\/2024\/06\/AYN-ODIN-2-MINI-MARKETING-DONE-09-990x597.png 990w, https:\/\/droix.eu\/wp-content\/uploads\/2024\/06\/AYN-ODIN-2-MINI-MARKETING-DONE-09-441x266.png 441w\" sizes=\"(max-width: 1000px) 100vw, 1000px\" \/><\/a><\/figure>\n\n<p>Az AYN Odin 2 Mini Pro Android j\u00e1t\u00e9kk\u00e9zisz\u00e1m\u00edt\u00f3g\u00e9pet \u00fagy tervezt\u00e9k, hogy \u00e9ppoly sokoldal\u00fa, mint amilyen er\u0151s, \u00e9s t\u00f6k\u00e9letes otthoni \u00e9s irodai k\u00f6rnyezetbe egyar\u00e1nt. HDMI-t\u00e1mogat\u00e1sa lehet\u0151v\u00e9 teszi a k\u00fcls\u0151 kijelz\u0151kh\u00f6z val\u00f3 egyszer\u0171 csatlakoztat\u00e1st, m\u00edg az USB 3.1 Type-C \u00e9s <a href=\"https:\/\/droix.eu\/hu\/product-attribute\/i-o-video\/1x-micro-hdmi-hu\/\" target=\"_blank\" rel=\"noreferrer noopener\">a Micro HDMI portok tov\u00e1bbi csatlakoz\u00e1si lehet\u0151s\u00e9geket k\u00edn\u00e1lnak<\/a>. A Micro SD-k\u00e1rtyahely be\u00e9p\u00edt\u00e9se tov\u00e1bb n\u00f6veli a t\u00e1rol\u00e1si k\u00e9pess\u00e9geket, \u00edgy garant\u00e1lva, hogy soha nem fogysz ki a helyb\u0151l kedvenc j\u00e1t\u00e9kaid sz\u00e1m\u00e1ra.  <\/p>\n\n<figure class=\"wp-block-image aligncenter size-full\"><a href=\"https:\/\/droix.eu\/wp-content\/uploads\/2024\/06\/AYN-ODIN-2-MINI-MARKETING-DONE-10.png\"><img loading=\"lazy\" decoding=\"async\" width=\"1000\" height=\"588\" src=\"https:\/\/droix.eu\/wp-content\/uploads\/2024\/06\/AYN-ODIN-2-MINI-MARKETING-DONE-10.png\" alt=\"Ayn Odin 2 Mini, kompakt m&#xE9;retei 19,8 x 8,5 x 1,95 cm &#xE9;s 320 g-os s&#xFA;lya ide&#xE1;lis a hordozhat&#xF3; j&#xE1;t&#xE9;khoz &#xE9;s sz&#xF3;rakoz&#xE1;shoz.\" class=\"wp-image-180055\" srcset=\"https:\/\/droix.eu\/wp-content\/uploads\/2024\/06\/AYN-ODIN-2-MINI-MARKETING-DONE-10.png 1000w, https:\/\/droix.eu\/wp-content\/uploads\/2024\/06\/AYN-ODIN-2-MINI-MARKETING-DONE-10-150x88.png 150w, https:\/\/droix.eu\/wp-content\/uploads\/2024\/06\/AYN-ODIN-2-MINI-MARKETING-DONE-10-300x176.png 300w, https:\/\/droix.eu\/wp-content\/uploads\/2024\/06\/AYN-ODIN-2-MINI-MARKETING-DONE-10-768x452.png 768w, https:\/\/droix.eu\/wp-content\/uploads\/2024\/06\/AYN-ODIN-2-MINI-MARKETING-DONE-10-990x582.png 990w, https:\/\/droix.eu\/wp-content\/uploads\/2024\/06\/AYN-ODIN-2-MINI-MARKETING-DONE-10-441x259.png 441w, https:\/\/droix.eu\/wp-content\/uploads\/2024\/06\/AYN-ODIN-2-MINI-MARKETING-DONE-10-60x35.png 60w, https:\/\/droix.eu\/wp-content\/uploads\/2024\/06\/AYN-ODIN-2-MINI-MARKETING-DONE-10-110x65.png 110w\" sizes=\"(max-width: 1000px) 100vw, 1000px\" \/><\/a><\/figure>\n\n<h3 class=\"wp-block-heading\"><strong>R\u00e9szletes jellemz\u0151k<\/strong><\/h3>\n\n<div class=\"wp-block-columns is-layout-flex wp-container-core-columns-is-layout-28f84493 wp-block-columns-is-layout-flex\">\n<div class=\"wp-block-column is-layout-flow wp-block-column-is-layout-flow\">\n<figure class=\"wp-block-image size-full\"><a href=\"https:\/\/droix.eu\/wp-content\/uploads\/2024\/05\/AYN-ODIN-2-MINI-MARKETING-DONE-13-1.png\"><img loading=\"lazy\" decoding=\"async\" width=\"1000\" height=\"809\" src=\"https:\/\/droix.eu\/wp-content\/uploads\/2024\/05\/AYN-ODIN-2-MINI-MARKETING-DONE-13-1.png\" alt=\"Ayn Odin 2 Mini krist&#xE1;lygombokkal a st&#xED;lusos &#xE9;s tapinthat&#xF3; j&#xE1;t&#xE9;k&#xE9;lm&#xE9;ny&#xE9;rt.\" class=\"wp-image-180061\" srcset=\"https:\/\/droix.eu\/wp-content\/uploads\/2024\/05\/AYN-ODIN-2-MINI-MARKETING-DONE-13-1.png 1000w, https:\/\/droix.eu\/wp-content\/uploads\/2024\/05\/AYN-ODIN-2-MINI-MARKETING-DONE-13-1-150x121.png 150w, https:\/\/droix.eu\/wp-content\/uploads\/2024\/05\/AYN-ODIN-2-MINI-MARKETING-DONE-13-1-300x243.png 300w, https:\/\/droix.eu\/wp-content\/uploads\/2024\/05\/AYN-ODIN-2-MINI-MARKETING-DONE-13-1-768x621.png 768w, https:\/\/droix.eu\/wp-content\/uploads\/2024\/05\/AYN-ODIN-2-MINI-MARKETING-DONE-13-1-990x801.png 990w, https:\/\/droix.eu\/wp-content\/uploads\/2024\/05\/AYN-ODIN-2-MINI-MARKETING-DONE-13-1-441x357.png 441w\" sizes=\"(max-width: 1000px) 100vw, 1000px\" \/><\/a><\/figure>\n<\/div>\n\n\n\n<div class=\"wp-block-column is-layout-flow wp-block-column-is-layout-flow\">\n<figure class=\"wp-block-image size-full is-resized\"><a href=\"https:\/\/droix.eu\/wp-content\/uploads\/2024\/06\/AYN-ODIN-2-MINI-MARKETING-DONE-12.png\"><img loading=\"lazy\" decoding=\"async\" width=\"1000\" height=\"840\" src=\"https:\/\/droix.eu\/wp-content\/uploads\/2024\/06\/AYN-ODIN-2-MINI-MARKETING-DONE-12.png\" alt=\"Ayn Odin 2 Mini j&#xE1;t&#xE9;k streaming k&#xE9;pess&#xE9;gekkel, amely z&#xF6;kken&#x151;mentes j&#xE1;t&#xE9;k&#xE9;lm&#xE9;nyt biztos&#xED;t online streaming szolg&#xE1;ltat&#xE1;sokon kereszt&#xFC;l\" class=\"wp-image-180062\" style=\"width:419px;height:auto\" srcset=\"https:\/\/droix.eu\/wp-content\/uploads\/2024\/06\/AYN-ODIN-2-MINI-MARKETING-DONE-12.png 1000w, https:\/\/droix.eu\/wp-content\/uploads\/2024\/06\/AYN-ODIN-2-MINI-MARKETING-DONE-12-150x126.png 150w, https:\/\/droix.eu\/wp-content\/uploads\/2024\/06\/AYN-ODIN-2-MINI-MARKETING-DONE-12-300x252.png 300w, https:\/\/droix.eu\/wp-content\/uploads\/2024\/06\/AYN-ODIN-2-MINI-MARKETING-DONE-12-768x645.png 768w, https:\/\/droix.eu\/wp-content\/uploads\/2024\/06\/AYN-ODIN-2-MINI-MARKETING-DONE-12-990x832.png 990w, https:\/\/droix.eu\/wp-content\/uploads\/2024\/06\/AYN-ODIN-2-MINI-MARKETING-DONE-12-441x370.png 441w, https:\/\/droix.eu\/wp-content\/uploads\/2024\/06\/AYN-ODIN-2-MINI-MARKETING-DONE-12-60x50.png 60w, https:\/\/droix.eu\/wp-content\/uploads\/2024\/06\/AYN-ODIN-2-MINI-MARKETING-DONE-12-110x92.png 110w\" sizes=\"(max-width: 1000px) 100vw, 1000px\" \/><\/a><\/figure>\n<\/div>\n<\/div>\n\n<ul class=\"wp-block-list\">\n<li>Az AYN Odin 2 Mini Pro \u00faj m\u00e9rc\u00e9t \u00e1ll\u00edt fel a k\u00e9zi j\u00e1t\u00e9kkonzolok ter\u00e9n. A Snapdragon 8 Gen 2 processzorral m\u0171k\u00f6d\u0151 k\u00e9sz\u00fcl\u00e9k a CPU-sebess\u00e9g dinamikus tartom\u00e1ny\u00e1t k\u00edn\u00e1lja &#8211; a nagy teljes\u00edtm\u00e9ny\u0171 3,2 GHz-es GoldPlus magt\u00f3l a hat\u00e9kony 2,0 GHz-es Silver magokig. Ez lehet\u0151v\u00e9 teszi az adapt\u00edv teljes\u00edtm\u00e9nyt, amely egyar\u00e1nt megfelel a nagy intenzit\u00e1s\u00fa j\u00e1t\u00e9koknak \u00e9s a mindennapi feladatoknak. Az <a href=\"https:\/\/droix.eu\/hu\/product-attribute\/graphics-gpu-model\/adreno-740-hu\/\" target=\"_blank\" rel=\"noreferrer noopener\">Adreno 740<\/a> GPU t\u00f6k\u00e9letesen illeszkedik ehhez a CPU-hoz, kiv\u00e9teles grafikus teljes\u00edtm\u00e9nyt ny\u00fajt, \u00e9s z\u00f6kken\u0151mentes, leny\u0171g\u00f6z\u0151 vizu\u00e1lis megjelen\u00edt\u00e9st tesz lehet\u0151v\u00e9 minden j\u00e1t\u00e9kban.   <\/li>\n\n\n\n<li>A 12 GB <a href=\"https:\/\/droix.eu\/hu\/product-attribute\/memory-ram-technology\/lpddr5x-hu\/\" target=\"_blank\" rel=\"noreferrer noopener\">LPDDR5X RAM-mal<\/a> az Odin 2 Mini biztos\u00edtja, hogy a j\u00e1t\u00e9kok bet\u00f6lt\u00e9si ideje drasztikusan cs\u00f6kkenjen, \u00e9s a t\u00f6bbfeladat\u00fa munka minden eddigin\u00e9l g\u00f6rd\u00fcl\u00e9kenyebb legyen. Ak\u00e1r j\u00e1t\u00e9kok k\u00f6z\u00f6tt v\u00e1ltogat, ak\u00e1r ig\u00e9nyes j\u00e1t\u00e9kokat futtat, ezek a mem\u00f3riaopci\u00f3k biztos\u00edtj\u00e1k a z\u00f6kken\u0151mentes m\u0171k\u00f6d\u00e9shez sz\u00fcks\u00e9ges s\u00e1vsz\u00e9less\u00e9get. 256 GB <a href=\"https:\/\/droix.eu\/hu\/product-attribute\/storage-technology\/ufs-4-0-hu\/\" target=\"_blank\" rel=\"noreferrer noopener\">UFS 4.0 t\u00e1rol\u00f3,<\/a> amely gyors olvas\u00e1si \u00e9s \u00edr\u00e1si sebess\u00e9get k\u00edn\u00e1l a j\u00e1t\u00e9kok bet\u00f6lt\u00e9s\u00e9nek \u00e9s teljes\u00edtm\u00e9ny\u00e9nek tov\u00e1bbi jav\u00edt\u00e1sa \u00e9rdek\u00e9ben.<\/li>\n<\/ul>\n\n<p><strong>Felhaszn\u00e1l\u00f3i \u00e9lm\u00e9ny<\/strong><\/p>\n\n<figure class=\"wp-block-image aligncenter size-full\"><a href=\"https:\/\/droix.eu\/wp-content\/uploads\/2024\/06\/AYN-ODIN-2-MINI-MARKETING-DONE-03.png\"><img loading=\"lazy\" decoding=\"async\" width=\"1000\" height=\"719\" src=\"https:\/\/droix.eu\/wp-content\/uploads\/2024\/06\/AYN-ODIN-2-MINI-MARKETING-DONE-03.png\" alt=\"Az Ayn Odin 2 Mini 5 h&#xFC;velykes MiniLED kijelz&#x151;vel rendelkezik, amely &#xE9;l&#xE9;nk 1080p felbont&#xE1;st k&#xED;n&#xE1;l az &#xE9;les &#xE9;s mag&#xE1;val ragad&#xF3; l&#xE1;tv&#xE1;ny&#xE9;rt.\" class=\"wp-image-180057\" srcset=\"https:\/\/droix.eu\/wp-content\/uploads\/2024\/06\/AYN-ODIN-2-MINI-MARKETING-DONE-03.png 1000w, https:\/\/droix.eu\/wp-content\/uploads\/2024\/06\/AYN-ODIN-2-MINI-MARKETING-DONE-03-150x108.png 150w, https:\/\/droix.eu\/wp-content\/uploads\/2024\/06\/AYN-ODIN-2-MINI-MARKETING-DONE-03-300x216.png 300w, https:\/\/droix.eu\/wp-content\/uploads\/2024\/06\/AYN-ODIN-2-MINI-MARKETING-DONE-03-768x552.png 768w, https:\/\/droix.eu\/wp-content\/uploads\/2024\/06\/AYN-ODIN-2-MINI-MARKETING-DONE-03-990x712.png 990w, https:\/\/droix.eu\/wp-content\/uploads\/2024\/06\/AYN-ODIN-2-MINI-MARKETING-DONE-03-441x317.png 441w, https:\/\/droix.eu\/wp-content\/uploads\/2024\/06\/AYN-ODIN-2-MINI-MARKETING-DONE-03-60x43.png 60w, https:\/\/droix.eu\/wp-content\/uploads\/2024\/06\/AYN-ODIN-2-MINI-MARKETING-DONE-03-110x79.png 110w\" sizes=\"(max-width: 1000px) 100vw, 1000px\" \/><\/a><\/figure>\n\n<p>Az AYN Odin 2 Mini Pro <a href=\"https:\/\/droix.eu\/hu\/product-attribute\/operating-system\/android-13-hu\/\" target=\"_blank\" rel=\"noreferrer noopener\">Android 13 oper\u00e1ci\u00f3s rendszerrel fut , \u00edgy<\/a> hozz\u00e1f\u00e9r\u00e9st biztos\u00edt az Android j\u00e1t\u00e9kok, alkalmaz\u00e1sok \u00e9s szoftverek hatalmas k\u00f6nyvt\u00e1r\u00e1hoz. Ez a rugalmass\u00e1g lehet\u0151v\u00e9 teszi a j\u00e1t\u00e9kosok sz\u00e1m\u00e1ra, hogy ne csak a jelenlegi Android-c\u00edmeket, hanem a klasszikus j\u00e1t\u00e9kokat is \u00e9lvezhess\u00e9k emul\u00e1ci\u00f3n kereszt\u00fcl. Az 5&#8243;-os \u00e9rint\u0151k\u00e9perny\u0151 \u00e9rz\u00e9keny \u00e9s \u00e9les, intuit\u00edv felhaszn\u00e1l\u00f3i fel\u00fcletet \u00e9s mag\u00e1val ragad\u00f3 j\u00e1t\u00e9kmenetet biztos\u00edt. Az olyan csatlakoz\u00e1si funkci\u00f3k, mint <a href=\"https:\/\/droix.eu\/hu\/product-attribute\/wi-fi\/7-hu\/\" target=\"_blank\" rel=\"noreferrer noopener\">a Wi-Fi 7 \u00e9s<\/a> <a href=\"https:\/\/droix.eu\/hu\/product-attribute\/bluetooth\/5-3-hu\/\" target=\"_blank\" rel=\"noreferrer noopener\">a Bluetooth 5.3 biztos\u00edtj\u00e1k, hogy<\/a> mindig a leggyorsabb el\u00e9rhet\u0151 h\u00e1l\u00f3zatokkal legyen kapcsolatban, \u00e9s z\u00f6kken\u0151mentesen p\u00e1ros\u00edthat\u00f3 m\u00e1s eszk\u00f6z\u00f6kkel.<\/p>\n\n<figure class=\"wp-block-image aligncenter size-large\"><a href=\"https:\/\/droix.eu\/wp-content\/uploads\/2024\/05\/AYN-ODIN-2-MINI-MARKETING-DONE-11-1.png\"><img loading=\"lazy\" decoding=\"async\" width=\"835\" height=\"1024\" src=\"https:\/\/droix.eu\/wp-content\/uploads\/2024\/05\/AYN-ODIN-2-MINI-MARKETING-DONE-11-1-835x1024.png\" alt=\"Ayn Odin 2 Mini WiFi &#xE9;s Bluetooth csatlakoz&#xE1;si lehet&#x151;s&#xE9;ggel, sokoldal&#xFA; oper&#xE1;ci&#xF3;s rendszerrel a fokozott j&#xE1;t&#xE9;k- &#xE9;s multim&#xE9;di&#xE1;s &#xE9;lm&#xE9;nyek&#xE9;rt.\" class=\"wp-image-180056\" srcset=\"https:\/\/droix.eu\/wp-content\/uploads\/2024\/05\/AYN-ODIN-2-MINI-MARKETING-DONE-11-1-835x1024.png 835w, https:\/\/droix.eu\/wp-content\/uploads\/2024\/05\/AYN-ODIN-2-MINI-MARKETING-DONE-11-1-150x184.png 150w, https:\/\/droix.eu\/wp-content\/uploads\/2024\/05\/AYN-ODIN-2-MINI-MARKETING-DONE-11-1-244x300.png 244w, https:\/\/droix.eu\/wp-content\/uploads\/2024\/05\/AYN-ODIN-2-MINI-MARKETING-DONE-11-1-768x942.png 768w, https:\/\/droix.eu\/wp-content\/uploads\/2024\/05\/AYN-ODIN-2-MINI-MARKETING-DONE-11-1-990x1215.png 990w, https:\/\/droix.eu\/wp-content\/uploads\/2024\/05\/AYN-ODIN-2-MINI-MARKETING-DONE-11-1-441x541.png 441w, https:\/\/droix.eu\/wp-content\/uploads\/2024\/05\/AYN-ODIN-2-MINI-MARKETING-DONE-11-1-60x74.png 60w, https:\/\/droix.eu\/wp-content\/uploads\/2024\/05\/AYN-ODIN-2-MINI-MARKETING-DONE-11-1-110x135.png 110w, https:\/\/droix.eu\/wp-content\/uploads\/2024\/05\/AYN-ODIN-2-MINI-MARKETING-DONE-11-1.png 1000w\" sizes=\"(max-width: 835px) 100vw, 835px\" \/><\/a><\/figure>\n\n<p>Az akt\u00edv h\u0171t\u0151rendszer optim\u00e1lis h\u0151m\u00e9rs\u00e9kleten tartja a k\u00e9sz\u00fcl\u00e9ket m\u00e9g hosszabb j\u00e1t\u00e9kmenetek sor\u00e1n is, \u00edgy biztos\u00edtva a folyamatos teljes\u00edtm\u00e9nyt, throttling n\u00e9lk\u00fcl. Az 5000 mAh-s akkumul\u00e1tor a 65 W-os Quick Charge 5.0-val kombin\u00e1lva azt jelenti, hogy gyorsan felt\u00f6lt\u0151dhetsz, \u00e9s mobil maradhatsz a k\u00e9zi j\u00e1t\u00e9kkonzoloddal an\u00e9lk\u00fcl, hogy t\u00fal sok\u00e1ig lenn\u00e9l konnektorhoz k\u00f6tve. <\/p>\n\n<h3 class=\"wp-block-heading\"><strong>K\u00f6vetkeztet\u00e9s<\/strong><\/h3>\n\n<p>Az AYN Odin 2 Mini Pro t\u00f6bb mint egy Android j\u00e1t\u00e9kk\u00e9zisz\u00e1m\u00edt\u00f3g\u00e9p; ez egy bizony\u00edt\u00e9k arra, hogy milyen messzire jutott a k\u00e9zisz\u00e1m\u00edt\u00f3g\u00e9pes j\u00e1t\u00e9ktechnol\u00f3gia. A nagy teljes\u00edtm\u00e9nyt, az innovat\u00edv diz\u00e1jnt \u00e9s az \u00e1tfog\u00f3 funkcionalit\u00e1st \u00f6tv\u00f6z\u0151 Odin 2 Mini Pro a kompromisszumokt\u00f3l mentes j\u00e1t\u00e9kosok sz\u00e1m\u00e1ra k\u00e9sz\u00fclt cs\u00facsk\u00e9sz\u00fcl\u00e9kk\u00e9nt t\u0171nik ki. Nagy teljes\u00edtm\u00e9ny\u0171 hardver\u00e9vel, sokoldal\u00fa szoftver\u00e9vel \u00e9s ergonomikus fel\u00e9p\u00edt\u00e9s\u00e9vel arra h\u00edvja \u00d6nt, hogy \u00e1t\u00f6lelje a hordozhat\u00f3 j\u00e1t\u00e9k k\u00f6vetkez\u0151 evol\u00faci\u00f3j\u00e1t.  <\/p>\n\n<p>Ne hagyd ki ezt a p\u00e1ratlan j\u00e1t\u00e9k\u00e9lm\u00e9nyt. Rendelje el\u0151 az AYN Odin 2 Mini Pro-t m\u00e9g ma, \u00e9s legyen az els\u0151k k\u00f6z\u00f6tt, akik megtapasztalhatj\u00e1k a k\u00e9zi j\u00e1t\u00e9kteljes\u00edtm\u00e9ny cs\u00facs\u00e1t. A rendelkez\u00e9sre \u00e1ll\u00f3 mennyis\u00e9g korl\u00e1tozott, ez\u00e9rt cselekedjen most, hogy biztos\u00edtsa k\u00e9sz\u00fcl\u00e9k\u00e9t!  <\/p>\n\n<p>T\u00f6bbet megtudhatsz err\u0151l a csod\u00e1latos k\u00e9zi j\u00e1t\u00e9kkonzolr\u00f3l az <a href=\"https:\/\/droix.eu\/blogs\/ayn-odin-2-mini-review-with-video\/\" target=\"_blank\" rel=\"noopener\">AYN Odin 2 Mini Pro \u00e9rt\u00e9kel\u00e9s\u00fcnkben itt<\/a>.<\/p>\n\n<figure class=\"wp-block-image aligncenter size-large\"><a href=\"https:\/\/droix.eu\/wp-content\/uploads\/2024\/06\/AYN-ODIN-2-MINI-MARKETING-DONE-15.png\"><img loading=\"lazy\" decoding=\"async\" width=\"968\" height=\"1024\" src=\"https:\/\/droix.eu\/wp-content\/uploads\/2024\/06\/AYN-ODIN-2-MINI-MARKETING-DONE-15-968x1024.png\" alt=\"Az Ayn Odin 2 Mini bemutatja intuit&#xED;v kezel&#x151;fel&#xFC;let&#xE9;t a z&#xF6;kken&#x151;mentes navig&#xE1;ci&#xF3; &#xE9;s a j&#xE1;t&#xE9;k &#xE9;s multim&#xE9;dia ter&#xE9;n ny&#xFA;jtott fokozott felhaszn&#xE1;l&#xF3;i &#xE9;lm&#xE9;ny &#xE9;rdek&#xE9;ben.\" class=\"wp-image-180063\" srcset=\"https:\/\/droix.eu\/wp-content\/uploads\/2024\/06\/AYN-ODIN-2-MINI-MARKETING-DONE-15-968x1024.png 968w, https:\/\/droix.eu\/wp-content\/uploads\/2024\/06\/AYN-ODIN-2-MINI-MARKETING-DONE-15-150x159.png 150w, https:\/\/droix.eu\/wp-content\/uploads\/2024\/06\/AYN-ODIN-2-MINI-MARKETING-DONE-15-284x300.png 284w, https:\/\/droix.eu\/wp-content\/uploads\/2024\/06\/AYN-ODIN-2-MINI-MARKETING-DONE-15-768x813.png 768w, https:\/\/droix.eu\/wp-content\/uploads\/2024\/06\/AYN-ODIN-2-MINI-MARKETING-DONE-15-990x1047.png 990w, https:\/\/droix.eu\/wp-content\/uploads\/2024\/06\/AYN-ODIN-2-MINI-MARKETING-DONE-15-441x467.png 441w, https:\/\/droix.eu\/wp-content\/uploads\/2024\/06\/AYN-ODIN-2-MINI-MARKETING-DONE-15.png 1000w\" sizes=\"(max-width: 968px) 100vw, 968px\" \/><\/a><\/figure>\n\n<figure class=\"wp-block-image aligncenter size-full\"><a href=\"https:\/\/droix.eu\/wp-content\/uploads\/2024\/06\/AYN-ODIN-2-MINI-MARKETING-DONE-16.png\"><img loading=\"lazy\" decoding=\"async\" width=\"1000\" height=\"969\" src=\"https:\/\/droix.eu\/wp-content\/uploads\/2024\/06\/AYN-ODIN-2-MINI-MARKETING-DONE-16.png\" alt=\"Az Ayn Odin 2 Mini kiemeli a rendszerparam&#xE9;tereket, bele&#xE9;rtve a processzort, a mem&#xF3;ri&#xE1;t &#xE9;s a kijelz&#x151; specifik&#xE1;ci&#xF3;it az optim&#xE1;lis j&#xE1;t&#xE9;k- &#xE9;s multim&#xE9;di&#xE1;s teljes&#xED;tm&#xE9;ny &#xE9;rdek&#xE9;ben.\" class=\"wp-image-180064\" srcset=\"https:\/\/droix.eu\/wp-content\/uploads\/2024\/06\/AYN-ODIN-2-MINI-MARKETING-DONE-16.png 1000w, https:\/\/droix.eu\/wp-content\/uploads\/2024\/06\/AYN-ODIN-2-MINI-MARKETING-DONE-16-150x145.png 150w, https:\/\/droix.eu\/wp-content\/uploads\/2024\/06\/AYN-ODIN-2-MINI-MARKETING-DONE-16-300x291.png 300w, https:\/\/droix.eu\/wp-content\/uploads\/2024\/06\/AYN-ODIN-2-MINI-MARKETING-DONE-16-768x744.png 768w, https:\/\/droix.eu\/wp-content\/uploads\/2024\/06\/AYN-ODIN-2-MINI-MARKETING-DONE-16-990x959.png 990w, https:\/\/droix.eu\/wp-content\/uploads\/2024\/06\/AYN-ODIN-2-MINI-MARKETING-DONE-16-441x427.png 441w\" sizes=\"(max-width: 1000px) 100vw, 1000px\" \/><\/a><\/figure>\n\n<p><\/p>\n","protected":false},"excerpt":{"rendered":"<ul>\n<li>Processzor:<strong> Gen 2 <\/strong> <\/li>\n<li>Megjelen\u00edt\u00e9s:<strong> LED<\/strong> \u00e9rint\u0151k\u00e9perny\u0151: 1920&#215;1080 5&#8243;<strong> Mini LED<\/strong> \u00e9rint\u0151k\u00e9perny\u0151<\/li>\n<li>RAM:<strong> 12GB<\/strong> LPDDR5X<\/li>\n<li>T\u00e1rol\u00f3:<strong> 256 GB<\/strong> UFS4.0<\/li>\n<li>Csatlakoztathat\u00f3s\u00e1g: <strong> 5.3<\/strong><\/li>\n<\/ul>\n[caption id=\"attachment_700422\" align=\"alignnone\" width=\"550\"]<a href=\"https:\/\/droix.eu\/wp-content\/uploads\/2024\/05\/ODIN2-FREEBIES.jpg\"><img loading=\"lazy\" decoding=\"async\" src=\"https:\/\/droix.eu\/wp-content\/uploads\/2024\/05\/ODIN2-FREEBIES.jpg\" alt=\"Egy prom\u00f3ci\u00f3s banner, amely \"INGYENES AJ\u00c1ND\u00c9KOKAT\" hirdet, amelyek \"AUTOMATIKUSAN TARTALMAZHAT\u00d3K A KOS\u00c1RBA\". A sz\u00f6veg nagy, s\u00f6t\u00e9tsz\u00fcrke bet\u0171t\u00edpussal, vil\u00e1gosbarna h\u00e1tt\u00e9ren. A felsorolt aj\u00e1nd\u00e9kok egy \"V\u00e9d\u0151tok\" \u00e9s egy \"k\u00e9perny\u0151v\u00e9d\u0151\". Jobbra egy feh\u00e9r k\u00e9zi j\u00e1t\u00e9kkonzol (AYN Odin 2) l\u00e1that\u00f3 r\u00e9szben felh\u00fazott k\u00e9perny\u0151v\u00e9d\u0151 f\u00f3li\u00e1val, egy fekete kem\u00e9nyh\u00e9j\u00fa, csukl\u00f3p\u00e1ntos hordt\u00e1ska mellett.\" width=\"550\" height=\"140\" class=\"size-full wp-image-700422\" srcset=\"https:\/\/droix.eu\/wp-content\/uploads\/2024\/05\/ODIN2-FREEBIES.jpg 550w, https:\/\/droix.eu\/wp-content\/uploads\/2024\/05\/ODIN2-FREEBIES-300x76.jpg 300w, https:\/\/droix.eu\/wp-content\/uploads\/2024\/05\/ODIN2-FREEBIES-441x112.jpg 441w, https:\/\/droix.eu\/wp-content\/uploads\/2024\/05\/ODIN2-FREEBIES-150x38.jpg 150w\" sizes=\"(max-width: 550px) 100vw, 550px\" \/><\/a>[\/caption]\n[droix_global_accordions]\n[cg_accordion title=\"A csomag tartalmazza\"]<\/p>\n<ul>\n<li>1x AYN Odin 2 Mini Pro<\/li>\n<li>1x USB Type-C k\u00e1bel<\/li>\n<li>1x Felhaszn\u00e1l\u00f3i k\u00e9zik\u00f6nyv<\/li>\n<li>1x ingyenes k\u00e9perny\u0151v\u00e9d\u0151<\/li>\n<\/ul>\n<p>[\/cg_accordion]\n","protected":false},"featured_media":561165,"template":"","meta":{"_acf_changed":false},"product_brand":[],"product_cat":[35205,35329,35099,35328,35326],"product_tag":[],"woo-feed-brand":[],"key-features":[9156,9423,9395,9221,9220,9222],"class_list":{"0":"post-561162","1":"product","2":"type-product","3":"status-publish","4":"has-post-thumbnail","6":"product_cat-android-gadgets-hu","7":"product_cat-android-jatek-kezi","8":"product_cat-jatek-kezi","9":"product_cat-retro-jatekkonzol","10":"product_cat-retro-kezi-jatekkonzol","11":"product_shipping_class-premium","13":"pa_aspect-ratio-4797","14":"pa_bluetooth-5-3-hu","15":"pa_brands-ayn-hu","16":"pa_contrast-ratio-10000001-hu","17":"pa_display-type-mini-led","18":"pa_graphics-gpu-brand-qualcomm-hu","19":"pa_graphics-gpu-memory-megosztva-ram-kapacitassal","20":"pa_graphics-gpu-model-adreno-740-hu","21":"pa_i-o-usb-1x-usb-3-1-type-c-hu","22":"pa_i-o-video-1x-micro-hdmi-hu","23":"pa_memory-ram-technology-lpddr5x-hu","24":"pa_operating-system-android-13-hu","25":"pa_processor-cpu-brand-qualcomm-hu","26":"pa_processor-cpu-model-snapdragon-8-gen-2","27":"pa_refresh-rate-60hz-hu","28":"pa_storage-expansion-1x-micro-sd-kartyahely","29":"pa_storage-technology-ufs-4-0-hu","30":"pa_wi-fi-7-hu","31":"key-features-1080p","32":"key-features-5000-mah-battery","33":"key-features-android-13","34":"key-features-bluetooth-5-3","35":"key-features-snapdragon-8-gen-2","36":"key-features-wi-fi-7","38":"first","39":"instock","40":"sale","41":"taxable","42":"shipping-taxable","43":"purchasable","44":"product-type-variable","45":"has-default-attributes"},"acf":[],"aioseo_notices":[],"aioseo_head":"\n\t\t<!-- All in One SEO Pro 4.9.6.2 - aioseo.com -->\n\t<meta name=\"description\" content=\"Processzor: Gen 2 Megjelen\u00edt\u00e9s: LED \u00e9rint\u0151k\u00e9perny\u0151: 1920x1080 5&quot; Mini LED \u00e9rint\u0151k\u00e9perny\u0151 RAM: 12GB LPDDR5X T\u00e1rol\u00f3: 256 GB UFS4.0 Csatlakoztathat\u00f3s\u00e1g: 5.3 A csomag tartalmazza 1x AYN Odin 2 Mini Pro 1x USB Type-C k\u00e1bel 1x Felhaszn\u00e1l\u00f3i k\u00e9zik\u00f6nyv 1x ingyenes k\u00e9perny\u0151v\u00e9d\u0151\" \/>\n\t<meta name=\"robots\" content=\"max-image-preview:large\" \/>\n\t<link rel=\"canonical\" href=\"https:\/\/droix.eu\/hu\/product\/ayn-odin-2-mini-pro\/\" \/>\n\t<meta name=\"generator\" content=\"All in One SEO Pro (AIOSEO) 4.9.6.2\" \/>\n\t\t<meta property=\"og:locale\" content=\"hu_HU\" \/>\n\t\t<meta property=\"og:site_name\" content=\"DROIX EU - Get the latest Mini PCs, Ultrabook, PC Gaming Handhelds and more!\" \/>\n\t\t<meta property=\"og:type\" content=\"article\" \/>\n\t\t<meta property=\"og:title\" content=\"AYN Odin 2 Mini Pro - DROIX EU\" \/>\n\t\t<meta property=\"og:description\" content=\"Processzor: Gen 2 Megjelen\u00edt\u00e9s: LED \u00e9rint\u0151k\u00e9perny\u0151: 1920x1080 5&quot; Mini LED \u00e9rint\u0151k\u00e9perny\u0151 RAM: 12GB LPDDR5X T\u00e1rol\u00f3: 256 GB UFS4.0 Csatlakoztathat\u00f3s\u00e1g: 5.3 A csomag tartalmazza 1x AYN Odin 2 Mini Pro 1x USB Type-C k\u00e1bel 1x Felhaszn\u00e1l\u00f3i k\u00e9zik\u00f6nyv 1x ingyenes k\u00e9perny\u0151v\u00e9d\u0151\" \/>\n\t\t<meta property=\"og:url\" content=\"https:\/\/droix.eu\/hu\/product\/ayn-odin-2-mini-pro\/\" \/>\n\t\t<meta property=\"og:image\" content=\"https:\/\/droix.eu\/wp-content\/uploads\/2024\/06\/droix-v2-light-logo.png\" \/>\n\t\t<meta property=\"og:image:secure_url\" content=\"https:\/\/droix.eu\/wp-content\/uploads\/2024\/06\/droix-v2-light-logo.png\" \/>\n\t\t<meta property=\"og:image:width\" content=\"380\" \/>\n\t\t<meta property=\"og:image:height\" content=\"118\" \/>\n\t\t<meta property=\"article:published_time\" content=\"2024-05-23T13:37:19+00:00\" \/>\n\t\t<meta property=\"article:modified_time\" content=\"2026-01-20T04:41:19+00:00\" \/>\n\t\t<meta property=\"article:publisher\" content=\"https:\/\/www.facebook.com\/DroiX.Store\" \/>\n\t\t<meta name=\"twitter:card\" content=\"summary_large_image\" \/>\n\t\t<meta name=\"twitter:site\" content=\"@DroiX_Store\" \/>\n\t\t<meta name=\"twitter:title\" content=\"AYN Odin 2 Mini Pro - DROIX EU\" \/>\n\t\t<meta name=\"twitter:description\" content=\"Processzor: Gen 2 Megjelen\u00edt\u00e9s: LED \u00e9rint\u0151k\u00e9perny\u0151: 1920x1080 5&quot; Mini LED \u00e9rint\u0151k\u00e9perny\u0151 RAM: 12GB LPDDR5X T\u00e1rol\u00f3: 256 GB UFS4.0 Csatlakoztathat\u00f3s\u00e1g: 5.3 A csomag tartalmazza 1x AYN Odin 2 Mini Pro 1x USB Type-C k\u00e1bel 1x Felhaszn\u00e1l\u00f3i k\u00e9zik\u00f6nyv 1x ingyenes k\u00e9perny\u0151v\u00e9d\u0151\" \/>\n\t\t<meta name=\"twitter:image\" content=\"https:\/\/droix.eu\/wp-content\/uploads\/2024\/06\/droix-v2-light-logo.png\" \/>\n\t\t<script type=\"application\/ld+json\" class=\"aioseo-schema\">\n\t\t\t{\"@context\":\"https:\\\/\\\/schema.org\",\"@graph\":[{\"@type\":\"BreadcrumbList\",\"@id\":\"https:\\\/\\\/droix.eu\\\/hu\\\/product\\\/ayn-odin-2-mini-pro\\\/#breadcrumblist\",\"itemListElement\":[{\"@type\":\"ListItem\",\"@id\":\"https:\\\/\\\/droix.eu\\\/hu\\\/#listItem\",\"position\":1,\"name\":\"Home\",\"item\":\"https:\\\/\\\/droix.eu\\\/hu\\\/\",\"nextItem\":{\"@type\":\"ListItem\",\"@id\":\"https:\\\/\\\/droix.eu\\\/hu\\\/product-category\\\/retro-jatekkonzol\\\/#listItem\",\"name\":\"Retro j\\u00e1t\\u00e9kkonzol\"}},{\"@type\":\"ListItem\",\"@id\":\"https:\\\/\\\/droix.eu\\\/hu\\\/product-category\\\/retro-jatekkonzol\\\/#listItem\",\"position\":2,\"name\":\"Retro j\\u00e1t\\u00e9kkonzol\",\"item\":\"https:\\\/\\\/droix.eu\\\/hu\\\/product-category\\\/retro-jatekkonzol\\\/\",\"nextItem\":{\"@type\":\"ListItem\",\"@id\":\"https:\\\/\\\/droix.eu\\\/hu\\\/product-category\\\/retro-jatekkonzol\\\/retro-kezi-jatekkonzol\\\/#listItem\",\"name\":\"Retro k\\u00e9zi j\\u00e1t\\u00e9kkonzol\"},\"previousItem\":{\"@type\":\"ListItem\",\"@id\":\"https:\\\/\\\/droix.eu\\\/hu\\\/#listItem\",\"name\":\"Home\"}},{\"@type\":\"ListItem\",\"@id\":\"https:\\\/\\\/droix.eu\\\/hu\\\/product-category\\\/retro-jatekkonzol\\\/retro-kezi-jatekkonzol\\\/#listItem\",\"position\":3,\"name\":\"Retro k\\u00e9zi j\\u00e1t\\u00e9kkonzol\",\"item\":\"https:\\\/\\\/droix.eu\\\/hu\\\/product-category\\\/retro-jatekkonzol\\\/retro-kezi-jatekkonzol\\\/\",\"nextItem\":{\"@type\":\"ListItem\",\"@id\":\"https:\\\/\\\/droix.eu\\\/hu\\\/product\\\/ayn-odin-2-mini-pro\\\/#listItem\",\"name\":\"AYN Odin 2 Mini Pro\"},\"previousItem\":{\"@type\":\"ListItem\",\"@id\":\"https:\\\/\\\/droix.eu\\\/hu\\\/product-category\\\/retro-jatekkonzol\\\/#listItem\",\"name\":\"Retro j\\u00e1t\\u00e9kkonzol\"}},{\"@type\":\"ListItem\",\"@id\":\"https:\\\/\\\/droix.eu\\\/hu\\\/product\\\/ayn-odin-2-mini-pro\\\/#listItem\",\"position\":4,\"name\":\"AYN Odin 2 Mini Pro\",\"previousItem\":{\"@type\":\"ListItem\",\"@id\":\"https:\\\/\\\/droix.eu\\\/hu\\\/product-category\\\/retro-jatekkonzol\\\/retro-kezi-jatekkonzol\\\/#listItem\",\"name\":\"Retro k\\u00e9zi j\\u00e1t\\u00e9kkonzol\"}}]},{\"@type\":\"Organization\",\"@id\":\"https:\\\/\\\/droix.eu\\\/hu\\\/#organization\",\"name\":\"DroiX \\u2013 Trusted EU Tech Retailer with 12+ Years Experience\",\"description\":\"DroiX is a leading European technology retailer with over 12 years of experience, offering quality mini PCs, handheld gaming consoles, and tech accessories. We provide hassle-free EU delivery with all taxes included, ensuring a smooth and reliable shopping experience for our customers across Europe.\",\"url\":\"https:\\\/\\\/droix.eu\\\/hu\\\/\",\"logo\":{\"@type\":\"ImageObject\",\"url\":\"https:\\\/\\\/droix.eu\\\/wp-content\\\/uploads\\\/2024\\\/06\\\/droix-v2-light-logo.png\",\"@id\":\"https:\\\/\\\/droix.eu\\\/hu\\\/product\\\/ayn-odin-2-mini-pro\\\/#organizationLogo\",\"width\":380,\"height\":118},\"image\":{\"@id\":\"https:\\\/\\\/droix.eu\\\/hu\\\/product\\\/ayn-odin-2-mini-pro\\\/#organizationLogo\"},\"sameAs\":[\"https:\\\/\\\/www.facebook.com\\\/DroiX.Store\",\"https:\\\/\\\/twitter.com\\\/DroiX_Store\",\"https:\\\/\\\/www.instagram.com\\\/droix.store\\\/\",\"https:\\\/\\\/www.tiktok.com\\\/@droix.store\",\"https:\\\/\\\/www.youtube.com\\\/c\\\/DroiX_Store\",\"https:\\\/\\\/uk.linkedin.com\\\/company\\\/droix\"]},{\"@type\":\"ProductGroup\",\"@id\":\"https:\\\/\\\/droix.eu\\\/hu\\\/product\\\/ayn-odin-2-mini-pro\\\/#wooCommerceProduct\",\"name\":\"AYN Odin 2 Mini Pro\",\"description\":\"Processzor: Gen 2  \\nMegjelen\\u00edt\\u00e9s: LED \\u00e9rint\\u0151k\\u00e9perny\\u0151: 1920x1080 5\\\" Mini LED \\u00e9rint\\u0151k\\u00e9perny\\u0151\\nRAM: 12GB LPDDR5X\\nT\\u00e1rol\\u00f3: 256 GB UFS4.0\\nCsatlakoztathat\\u00f3s\\u00e1g:  5.3\",\"url\":\"https:\\\/\\\/droix.eu\\\/hu\\\/product\\\/ayn-odin-2-mini-pro\\\/\",\"image\":{\"@type\":\"ImageObject\",\"url\":\"https:\\\/\\\/droix.eu\\\/wp-content\\\/uploads\\\/2024\\\/05\\\/AYN-ODIN-2-MINI-BLACK-LISTING-DONE-01.png\",\"@id\":\"https:\\\/\\\/droix.eu\\\/hu\\\/product\\\/ayn-odin-2-mini-pro\\\/#productImage\",\"width\":1500,\"height\":1500,\"caption\":\"AYN Odin 2 Black Mini Render\"},\"productGroupID\":561162,\"hasVariant\":[{\"@type\":\"Product\",\"@id\":\"https:\\\/\\\/droix.eu\\\/hu\\\/product\\\/ayn-odin-2-mini-pro\\\/#wooCommerceProduct\",\"name\":\"AYN Odin 2 Mini Pro - refurbished-class-c, black, 12gb-lpddr5x-256gb-ufs-4-0\",\"description\":\"Processzor: Gen 2  \\nMegjelen\\u00edt\\u00e9s: LED \\u00e9rint\\u0151k\\u00e9perny\\u0151: 1920x1080 5\\\" Mini LED \\u00e9rint\\u0151k\\u00e9perny\\u0151\\nRAM: 12GB LPDDR5X\\nT\\u00e1rol\\u00f3: 256 GB UFS4.0\\nCsatlakoztathat\\u00f3s\\u00e1g:  5.3\",\"url\":\"https:\\\/\\\/droix.eu\\\/hu\\\/product\\\/ayn-odin-2-mini-pro\\\/\",\"sku\":\"REFURB-AYN-ODIN-2-MINI-PRO-BLACK-12GB-256GB-C\",\"image\":{\"@type\":\"ImageObject\",\"url\":\"https:\\\/\\\/droix.eu\\\/wp-content\\\/uploads\\\/2024\\\/05\\\/AYN-ODIN-2-MINI-BLACK-LISTING-DONE-01.png\",\"@id\":\"https:\\\/\\\/droix.eu\\\/hu\\\/product\\\/ayn-odin-2-mini-pro\\\/#productImage\",\"width\":1500,\"height\":1500},\"offers\":{\"@type\":\"Offer\",\"url\":\"https:\\\/\\\/droix.eu\\\/hu\\\/product\\\/ayn-odin-2-mini-pro\\\/#wooCommerceOffer\",\"price\":\"547.95\",\"priceCurrency\":\"EUR\",\"category\":\"Android Gadgets\",\"availability\":\"https:\\\/\\\/schema.org\\\/OutOfStock\",\"priceSpecification\":{\"@type\":\"PriceSpecification\",\"price\":547.95,\"priceCurrency\":\"EUR\",\"valueAddedTaxIncluded\":\"true\"}}},{\"@type\":\"Product\",\"@id\":\"https:\\\/\\\/droix.eu\\\/hu\\\/product\\\/ayn-odin-2-mini-pro\\\/#wooCommerceProduct\",\"name\":\"AYN Odin 2 Mini Pro - new, black, 8gb-lpddr5x-128gb-ufs-4-0\",\"description\":\"Processzor: Gen 2  \\nMegjelen\\u00edt\\u00e9s: LED \\u00e9rint\\u0151k\\u00e9perny\\u0151: 1920x1080 5\\\" Mini LED \\u00e9rint\\u0151k\\u00e9perny\\u0151\\nRAM: 12GB LPDDR5X\\nT\\u00e1rol\\u00f3: 256 GB UFS4.0\\nCsatlakoztathat\\u00f3s\\u00e1g:  5.3\",\"url\":\"https:\\\/\\\/droix.eu\\\/hu\\\/product\\\/ayn-odin-2-mini-pro\\\/\",\"sku\":\"AYN-ODIN-2-MINI-BASE-BLACK-8GB-128GB\",\"gtin\":\"5060763678729\",\"image\":{\"@type\":\"ImageObject\",\"url\":\"https:\\\/\\\/droix.eu\\\/wp-content\\\/uploads\\\/2024\\\/05\\\/AYN-ODIN-2-MINI-BLACK-LISTING-DONE-01.png\",\"@id\":\"https:\\\/\\\/droix.eu\\\/hu\\\/product\\\/ayn-odin-2-mini-pro\\\/#productImage\",\"width\":1500,\"height\":1500,\"caption\":\"AYN Odin 2 Black Mini Render\"},\"offers\":{\"@type\":\"Offer\",\"url\":\"https:\\\/\\\/droix.eu\\\/hu\\\/product\\\/ayn-odin-2-mini-pro\\\/#wooCommerceOffer\",\"price\":\"333.95\",\"priceCurrency\":\"EUR\",\"category\":\"Android Gadgets\",\"availability\":\"https:\\\/\\\/schema.org\\\/InStock\",\"priceSpecification\":{\"@type\":\"PriceSpecification\",\"price\":333.95,\"priceCurrency\":\"EUR\",\"valueAddedTaxIncluded\":\"true\"}}},{\"@type\":\"Product\",\"@id\":\"https:\\\/\\\/droix.eu\\\/hu\\\/product\\\/ayn-odin-2-mini-pro\\\/#wooCommerceProduct\",\"name\":\"AYN Odin 2 Mini Pro - new, black, 12gb-lpddr5x-256gb-ufs-4-0\",\"description\":\"Processzor: Gen 2  \\nMegjelen\\u00edt\\u00e9s: LED \\u00e9rint\\u0151k\\u00e9perny\\u0151: 1920x1080 5\\\" Mini LED \\u00e9rint\\u0151k\\u00e9perny\\u0151\\nRAM: 12GB LPDDR5X\\nT\\u00e1rol\\u00f3: 256 GB UFS4.0\\nCsatlakoztathat\\u00f3s\\u00e1g:  5.3\",\"url\":\"https:\\\/\\\/droix.eu\\\/hu\\\/product\\\/ayn-odin-2-mini-pro\\\/\",\"sku\":\"AYN-ODIN-2-MINI-PRO-BLACK-12GB-256GB\",\"gtin\":\"5060763678736\",\"image\":{\"@type\":\"ImageObject\",\"url\":\"https:\\\/\\\/droix.eu\\\/wp-content\\\/uploads\\\/2024\\\/05\\\/AYN-ODIN-2-MINI-BLACK-LISTING-DONE-01.png\",\"@id\":\"https:\\\/\\\/droix.eu\\\/hu\\\/product\\\/ayn-odin-2-mini-pro\\\/#productImage\",\"width\":1500,\"height\":1500,\"caption\":\"AYN Odin 2 Black Mini Render\"},\"offers\":{\"@type\":\"Offer\",\"url\":\"https:\\\/\\\/droix.eu\\\/hu\\\/product\\\/ayn-odin-2-mini-pro\\\/#wooCommerceOffer\",\"price\":\"390.95\",\"priceCurrency\":\"EUR\",\"category\":\"Android Gadgets\",\"availability\":\"https:\\\/\\\/schema.org\\\/OutOfStock\",\"priceSpecification\":{\"@type\":\"PriceSpecification\",\"price\":390.95,\"priceCurrency\":\"EUR\",\"valueAddedTaxIncluded\":\"true\"}}},{\"@type\":\"Product\",\"@id\":\"https:\\\/\\\/droix.eu\\\/hu\\\/product\\\/ayn-odin-2-mini-pro\\\/#wooCommerceProduct\",\"name\":\"AYN Odin 2 Mini Pro - new, white, 12gb-lpddr5x-256gb-ufs-4-0\",\"description\":\"Processzor: Gen 2  \\nMegjelen\\u00edt\\u00e9s: LED \\u00e9rint\\u0151k\\u00e9perny\\u0151: 1920x1080 5\\\" Mini LED \\u00e9rint\\u0151k\\u00e9perny\\u0151\\nRAM: 12GB LPDDR5X\\nT\\u00e1rol\\u00f3: 256 GB UFS4.0\\nCsatlakoztathat\\u00f3s\\u00e1g:  5.3\",\"url\":\"https:\\\/\\\/droix.eu\\\/hu\\\/product\\\/ayn-odin-2-mini-pro\\\/\",\"sku\":\"AYN-ODIN-2-MINI-PRO-WHITE-12GB-256GB\",\"gtin\":\"5060763678743\",\"image\":{\"@type\":\"ImageObject\",\"url\":\"https:\\\/\\\/droix.eu\\\/wp-content\\\/uploads\\\/2024\\\/05\\\/AYN-ODIN-2-MINI-WHITE-LISTING-DONE-01.png\",\"@id\":\"https:\\\/\\\/droix.eu\\\/hu\\\/product\\\/ayn-odin-2-mini-pro\\\/#productImage\",\"width\":1500,\"height\":1500,\"caption\":\"AYN Odin 2 feh\\u00e9r Mini Render\"},\"offers\":{\"@type\":\"Offer\",\"url\":\"https:\\\/\\\/droix.eu\\\/hu\\\/product\\\/ayn-odin-2-mini-pro\\\/#wooCommerceOffer\",\"price\":\"390.95\",\"priceCurrency\":\"EUR\",\"category\":\"Android Gadgets\",\"availability\":\"https:\\\/\\\/schema.org\\\/InStock\",\"priceSpecification\":{\"@type\":\"PriceSpecification\",\"price\":390.95,\"priceCurrency\":\"EUR\",\"valueAddedTaxIncluded\":\"true\"}}}]},{\"@type\":\"WebPage\",\"@id\":\"https:\\\/\\\/droix.eu\\\/hu\\\/product\\\/ayn-odin-2-mini-pro\\\/#webpage\",\"url\":\"https:\\\/\\\/droix.eu\\\/hu\\\/product\\\/ayn-odin-2-mini-pro\\\/\",\"name\":\"AYN Odin 2 Mini Pro - DROIX EU\",\"description\":\"Processzor: Gen 2 Megjelen\\u00edt\\u00e9s: LED \\u00e9rint\\u0151k\\u00e9perny\\u0151: 1920x1080 5\\\" Mini LED \\u00e9rint\\u0151k\\u00e9perny\\u0151 RAM: 12GB LPDDR5X T\\u00e1rol\\u00f3: 256 GB UFS4.0 Csatlakoztathat\\u00f3s\\u00e1g: 5.3 A csomag tartalmazza 1x AYN Odin 2 Mini Pro 1x USB Type-C k\\u00e1bel 1x Felhaszn\\u00e1l\\u00f3i k\\u00e9zik\\u00f6nyv 1x ingyenes k\\u00e9perny\\u0151v\\u00e9d\\u0151\",\"inLanguage\":\"hu-HU\",\"isPartOf\":{\"@id\":\"https:\\\/\\\/droix.eu\\\/hu\\\/#website\"},\"breadcrumb\":{\"@id\":\"https:\\\/\\\/droix.eu\\\/hu\\\/product\\\/ayn-odin-2-mini-pro\\\/#breadcrumblist\"},\"image\":{\"@type\":\"ImageObject\",\"url\":\"https:\\\/\\\/droix.eu\\\/wp-content\\\/uploads\\\/2024\\\/05\\\/AYN-ODIN-2-MINI-BLACK-LISTING-DONE-01.png\",\"@id\":\"https:\\\/\\\/droix.eu\\\/hu\\\/product\\\/ayn-odin-2-mini-pro\\\/#mainImage\",\"width\":1500,\"height\":1500,\"caption\":\"AYN Odin 2 Black Mini Render\"},\"primaryImageOfPage\":{\"@id\":\"https:\\\/\\\/droix.eu\\\/hu\\\/product\\\/ayn-odin-2-mini-pro\\\/#mainImage\"},\"datePublished\":\"2024-05-23T14:37:19+01:00\",\"dateModified\":\"2026-01-20T04:41:19+00:00\"},{\"@type\":\"WebSite\",\"@id\":\"https:\\\/\\\/droix.eu\\\/hu\\\/#website\",\"url\":\"https:\\\/\\\/droix.eu\\\/hu\\\/\",\"name\":\"DROIX EU\",\"description\":\"Get the latest Mini PCs, Ultrabook, PC Gaming Handhelds and more!\",\"inLanguage\":\"hu-HU\",\"publisher\":{\"@id\":\"https:\\\/\\\/droix.eu\\\/hu\\\/#organization\"}}]}\n\t\t<\/script>\n\t\t<!-- All in One SEO Pro -->\r\n\t\t<title>AYN Odin 2 Mini Pro - DROIX EU<\/title>\n\n","aioseo_head_json":{"title":"AYN Odin 2 Mini Pro - DROIX EU","description":"Processzor: Gen 2 Megjelen\u00edt\u00e9s: LED \u00e9rint\u0151k\u00e9perny\u0151: 1920x1080 5\" Mini LED \u00e9rint\u0151k\u00e9perny\u0151 RAM: 12GB LPDDR5X T\u00e1rol\u00f3: 256 GB UFS4.0 Csatlakoztathat\u00f3s\u00e1g: 5.3 A csomag tartalmazza 1x AYN Odin 2 Mini Pro 1x USB Type-C k\u00e1bel 1x Felhaszn\u00e1l\u00f3i k\u00e9zik\u00f6nyv 1x ingyenes k\u00e9perny\u0151v\u00e9d\u0151","canonical_url":"https:\/\/droix.eu\/hu\/product\/ayn-odin-2-mini-pro\/","robots":"max-image-preview:large","keywords":"","webmasterTools":{"miscellaneous":""},"schema":{"@context":"https:\/\/schema.org","@graph":[{"@type":"BreadcrumbList","@id":"https:\/\/droix.eu\/hu\/product\/ayn-odin-2-mini-pro\/#breadcrumblist","itemListElement":[{"@type":"ListItem","@id":"https:\/\/droix.eu\/hu\/#listItem","position":1,"name":"Home","item":"https:\/\/droix.eu\/hu\/","nextItem":{"@type":"ListItem","@id":"https:\/\/droix.eu\/hu\/product-category\/retro-jatekkonzol\/#listItem","name":"Retro j\u00e1t\u00e9kkonzol"}},{"@type":"ListItem","@id":"https:\/\/droix.eu\/hu\/product-category\/retro-jatekkonzol\/#listItem","position":2,"name":"Retro j\u00e1t\u00e9kkonzol","item":"https:\/\/droix.eu\/hu\/product-category\/retro-jatekkonzol\/","nextItem":{"@type":"ListItem","@id":"https:\/\/droix.eu\/hu\/product-category\/retro-jatekkonzol\/retro-kezi-jatekkonzol\/#listItem","name":"Retro k\u00e9zi j\u00e1t\u00e9kkonzol"},"previousItem":{"@type":"ListItem","@id":"https:\/\/droix.eu\/hu\/#listItem","name":"Home"}},{"@type":"ListItem","@id":"https:\/\/droix.eu\/hu\/product-category\/retro-jatekkonzol\/retro-kezi-jatekkonzol\/#listItem","position":3,"name":"Retro k\u00e9zi j\u00e1t\u00e9kkonzol","item":"https:\/\/droix.eu\/hu\/product-category\/retro-jatekkonzol\/retro-kezi-jatekkonzol\/","nextItem":{"@type":"ListItem","@id":"https:\/\/droix.eu\/hu\/product\/ayn-odin-2-mini-pro\/#listItem","name":"AYN Odin 2 Mini Pro"},"previousItem":{"@type":"ListItem","@id":"https:\/\/droix.eu\/hu\/product-category\/retro-jatekkonzol\/#listItem","name":"Retro j\u00e1t\u00e9kkonzol"}},{"@type":"ListItem","@id":"https:\/\/droix.eu\/hu\/product\/ayn-odin-2-mini-pro\/#listItem","position":4,"name":"AYN Odin 2 Mini Pro","previousItem":{"@type":"ListItem","@id":"https:\/\/droix.eu\/hu\/product-category\/retro-jatekkonzol\/retro-kezi-jatekkonzol\/#listItem","name":"Retro k\u00e9zi j\u00e1t\u00e9kkonzol"}}]},{"@type":"Organization","@id":"https:\/\/droix.eu\/hu\/#organization","name":"DroiX \u2013 Trusted EU Tech Retailer with 12+ Years Experience","description":"DroiX is a leading European technology retailer with over 12 years of experience, offering quality mini PCs, handheld gaming consoles, and tech accessories. We provide hassle-free EU delivery with all taxes included, ensuring a smooth and reliable shopping experience for our customers across Europe.","url":"https:\/\/droix.eu\/hu\/","logo":{"@type":"ImageObject","url":"https:\/\/droix.eu\/wp-content\/uploads\/2024\/06\/droix-v2-light-logo.png","@id":"https:\/\/droix.eu\/hu\/product\/ayn-odin-2-mini-pro\/#organizationLogo","width":380,"height":118},"image":{"@id":"https:\/\/droix.eu\/hu\/product\/ayn-odin-2-mini-pro\/#organizationLogo"},"sameAs":["https:\/\/www.facebook.com\/DroiX.Store","https:\/\/twitter.com\/DroiX_Store","https:\/\/www.instagram.com\/droix.store\/","https:\/\/www.tiktok.com\/@droix.store","https:\/\/www.youtube.com\/c\/DroiX_Store","https:\/\/uk.linkedin.com\/company\/droix"]},{"@type":"ProductGroup","@id":"https:\/\/droix.eu\/hu\/product\/ayn-odin-2-mini-pro\/#wooCommerceProduct","name":"AYN Odin 2 Mini Pro","description":"Processzor: Gen 2  \nMegjelen\u00edt\u00e9s: LED \u00e9rint\u0151k\u00e9perny\u0151: 1920x1080 5\" Mini LED \u00e9rint\u0151k\u00e9perny\u0151\nRAM: 12GB LPDDR5X\nT\u00e1rol\u00f3: 256 GB UFS4.0\nCsatlakoztathat\u00f3s\u00e1g:  5.3","url":"https:\/\/droix.eu\/hu\/product\/ayn-odin-2-mini-pro\/","image":{"@type":"ImageObject","url":"https:\/\/droix.eu\/wp-content\/uploads\/2024\/05\/AYN-ODIN-2-MINI-BLACK-LISTING-DONE-01.png","@id":"https:\/\/droix.eu\/hu\/product\/ayn-odin-2-mini-pro\/#productImage","width":1500,"height":1500,"caption":"AYN Odin 2 Black Mini Render"},"productGroupID":561162,"hasVariant":[{"@type":"Product","@id":"https:\/\/droix.eu\/hu\/product\/ayn-odin-2-mini-pro\/#wooCommerceProduct","name":"AYN Odin 2 Mini Pro - refurbished-class-c, black, 12gb-lpddr5x-256gb-ufs-4-0","description":"Processzor: Gen 2  \nMegjelen\u00edt\u00e9s: LED \u00e9rint\u0151k\u00e9perny\u0151: 1920x1080 5\" Mini LED \u00e9rint\u0151k\u00e9perny\u0151\nRAM: 12GB LPDDR5X\nT\u00e1rol\u00f3: 256 GB UFS4.0\nCsatlakoztathat\u00f3s\u00e1g:  5.3","url":"https:\/\/droix.eu\/hu\/product\/ayn-odin-2-mini-pro\/","sku":"REFURB-AYN-ODIN-2-MINI-PRO-BLACK-12GB-256GB-C","image":{"@type":"ImageObject","url":"https:\/\/droix.eu\/wp-content\/uploads\/2024\/05\/AYN-ODIN-2-MINI-BLACK-LISTING-DONE-01.png","@id":"https:\/\/droix.eu\/hu\/product\/ayn-odin-2-mini-pro\/#productImage","width":1500,"height":1500},"offers":{"@type":"Offer","url":"https:\/\/droix.eu\/hu\/product\/ayn-odin-2-mini-pro\/#wooCommerceOffer","price":"547.95","priceCurrency":"EUR","category":"Android Gadgets","availability":"https:\/\/schema.org\/OutOfStock","priceSpecification":{"@type":"PriceSpecification","price":547.95,"priceCurrency":"EUR","valueAddedTaxIncluded":"true"}}},{"@type":"Product","@id":"https:\/\/droix.eu\/hu\/product\/ayn-odin-2-mini-pro\/#wooCommerceProduct","name":"AYN Odin 2 Mini Pro - new, black, 8gb-lpddr5x-128gb-ufs-4-0","description":"Processzor: Gen 2  \nMegjelen\u00edt\u00e9s: LED \u00e9rint\u0151k\u00e9perny\u0151: 1920x1080 5\" Mini LED \u00e9rint\u0151k\u00e9perny\u0151\nRAM: 12GB LPDDR5X\nT\u00e1rol\u00f3: 256 GB UFS4.0\nCsatlakoztathat\u00f3s\u00e1g:  5.3","url":"https:\/\/droix.eu\/hu\/product\/ayn-odin-2-mini-pro\/","sku":"AYN-ODIN-2-MINI-BASE-BLACK-8GB-128GB","gtin":"5060763678729","image":{"@type":"ImageObject","url":"https:\/\/droix.eu\/wp-content\/uploads\/2024\/05\/AYN-ODIN-2-MINI-BLACK-LISTING-DONE-01.png","@id":"https:\/\/droix.eu\/hu\/product\/ayn-odin-2-mini-pro\/#productImage","width":1500,"height":1500,"caption":"AYN Odin 2 Black Mini Render"},"offers":{"@type":"Offer","url":"https:\/\/droix.eu\/hu\/product\/ayn-odin-2-mini-pro\/#wooCommerceOffer","price":"333.95","priceCurrency":"EUR","category":"Android Gadgets","availability":"https:\/\/schema.org\/InStock","priceSpecification":{"@type":"PriceSpecification","price":333.95,"priceCurrency":"EUR","valueAddedTaxIncluded":"true"}}},{"@type":"Product","@id":"https:\/\/droix.eu\/hu\/product\/ayn-odin-2-mini-pro\/#wooCommerceProduct","name":"AYN Odin 2 Mini Pro - new, black, 12gb-lpddr5x-256gb-ufs-4-0","description":"Processzor: Gen 2  \nMegjelen\u00edt\u00e9s: LED \u00e9rint\u0151k\u00e9perny\u0151: 1920x1080 5\" Mini LED \u00e9rint\u0151k\u00e9perny\u0151\nRAM: 12GB LPDDR5X\nT\u00e1rol\u00f3: 256 GB UFS4.0\nCsatlakoztathat\u00f3s\u00e1g:  5.3","url":"https:\/\/droix.eu\/hu\/product\/ayn-odin-2-mini-pro\/","sku":"AYN-ODIN-2-MINI-PRO-BLACK-12GB-256GB","gtin":"5060763678736","image":{"@type":"ImageObject","url":"https:\/\/droix.eu\/wp-content\/uploads\/2024\/05\/AYN-ODIN-2-MINI-BLACK-LISTING-DONE-01.png","@id":"https:\/\/droix.eu\/hu\/product\/ayn-odin-2-mini-pro\/#productImage","width":1500,"height":1500,"caption":"AYN Odin 2 Black Mini Render"},"offers":{"@type":"Offer","url":"https:\/\/droix.eu\/hu\/product\/ayn-odin-2-mini-pro\/#wooCommerceOffer","price":"390.95","priceCurrency":"EUR","category":"Android Gadgets","availability":"https:\/\/schema.org\/OutOfStock","priceSpecification":{"@type":"PriceSpecification","price":390.95,"priceCurrency":"EUR","valueAddedTaxIncluded":"true"}}},{"@type":"Product","@id":"https:\/\/droix.eu\/hu\/product\/ayn-odin-2-mini-pro\/#wooCommerceProduct","name":"AYN Odin 2 Mini Pro - new, white, 12gb-lpddr5x-256gb-ufs-4-0","description":"Processzor: Gen 2  \nMegjelen\u00edt\u00e9s: LED \u00e9rint\u0151k\u00e9perny\u0151: 1920x1080 5\" Mini LED \u00e9rint\u0151k\u00e9perny\u0151\nRAM: 12GB LPDDR5X\nT\u00e1rol\u00f3: 256 GB UFS4.0\nCsatlakoztathat\u00f3s\u00e1g:  5.3","url":"https:\/\/droix.eu\/hu\/product\/ayn-odin-2-mini-pro\/","sku":"AYN-ODIN-2-MINI-PRO-WHITE-12GB-256GB","gtin":"5060763678743","image":{"@type":"ImageObject","url":"https:\/\/droix.eu\/wp-content\/uploads\/2024\/05\/AYN-ODIN-2-MINI-WHITE-LISTING-DONE-01.png","@id":"https:\/\/droix.eu\/hu\/product\/ayn-odin-2-mini-pro\/#productImage","width":1500,"height":1500,"caption":"AYN Odin 2 feh\u00e9r Mini Render"},"offers":{"@type":"Offer","url":"https:\/\/droix.eu\/hu\/product\/ayn-odin-2-mini-pro\/#wooCommerceOffer","price":"390.95","priceCurrency":"EUR","category":"Android Gadgets","availability":"https:\/\/schema.org\/InStock","priceSpecification":{"@type":"PriceSpecification","price":390.95,"priceCurrency":"EUR","valueAddedTaxIncluded":"true"}}}]},{"@type":"WebPage","@id":"https:\/\/droix.eu\/hu\/product\/ayn-odin-2-mini-pro\/#webpage","url":"https:\/\/droix.eu\/hu\/product\/ayn-odin-2-mini-pro\/","name":"AYN Odin 2 Mini Pro - DROIX EU","description":"Processzor: Gen 2 Megjelen\u00edt\u00e9s: LED \u00e9rint\u0151k\u00e9perny\u0151: 1920x1080 5\" Mini LED \u00e9rint\u0151k\u00e9perny\u0151 RAM: 12GB LPDDR5X T\u00e1rol\u00f3: 256 GB UFS4.0 Csatlakoztathat\u00f3s\u00e1g: 5.3 A csomag tartalmazza 1x AYN Odin 2 Mini Pro 1x USB Type-C k\u00e1bel 1x Felhaszn\u00e1l\u00f3i k\u00e9zik\u00f6nyv 1x ingyenes k\u00e9perny\u0151v\u00e9d\u0151","inLanguage":"hu-HU","isPartOf":{"@id":"https:\/\/droix.eu\/hu\/#website"},"breadcrumb":{"@id":"https:\/\/droix.eu\/hu\/product\/ayn-odin-2-mini-pro\/#breadcrumblist"},"image":{"@type":"ImageObject","url":"https:\/\/droix.eu\/wp-content\/uploads\/2024\/05\/AYN-ODIN-2-MINI-BLACK-LISTING-DONE-01.png","@id":"https:\/\/droix.eu\/hu\/product\/ayn-odin-2-mini-pro\/#mainImage","width":1500,"height":1500,"caption":"AYN Odin 2 Black Mini Render"},"primaryImageOfPage":{"@id":"https:\/\/droix.eu\/hu\/product\/ayn-odin-2-mini-pro\/#mainImage"},"datePublished":"2024-05-23T14:37:19+01:00","dateModified":"2026-01-20T04:41:19+00:00"},{"@type":"WebSite","@id":"https:\/\/droix.eu\/hu\/#website","url":"https:\/\/droix.eu\/hu\/","name":"DROIX EU","description":"Get the latest Mini PCs, Ultrabook, PC Gaming Handhelds and more!","inLanguage":"hu-HU","publisher":{"@id":"https:\/\/droix.eu\/hu\/#organization"}}]},"og:locale":"hu_HU","og:site_name":"DROIX EU - Get the latest Mini PCs, Ultrabook, PC Gaming Handhelds and more!","og:type":"article","og:title":"AYN Odin 2 Mini Pro - DROIX EU","og:description":"Processzor: Gen 2 Megjelen\u00edt\u00e9s: LED \u00e9rint\u0151k\u00e9perny\u0151: 1920x1080 5&quot; Mini LED \u00e9rint\u0151k\u00e9perny\u0151 RAM: 12GB LPDDR5X T\u00e1rol\u00f3: 256 GB UFS4.0 Csatlakoztathat\u00f3s\u00e1g: 5.3 A csomag tartalmazza 1x AYN Odin 2 Mini Pro 1x USB Type-C k\u00e1bel 1x Felhaszn\u00e1l\u00f3i k\u00e9zik\u00f6nyv 1x ingyenes k\u00e9perny\u0151v\u00e9d\u0151","og:url":"https:\/\/droix.eu\/hu\/product\/ayn-odin-2-mini-pro\/","og:image":"https:\/\/droix.eu\/wp-content\/uploads\/2024\/06\/droix-v2-light-logo.png","og:image:secure_url":"https:\/\/droix.eu\/wp-content\/uploads\/2024\/06\/droix-v2-light-logo.png","og:image:width":380,"og:image:height":118,"article:published_time":"2024-05-23T13:37:19+00:00","article:modified_time":"2026-01-20T04:41:19+00:00","article:publisher":"https:\/\/www.facebook.com\/DroiX.Store","twitter:card":"summary_large_image","twitter:site":"@DroiX_Store","twitter:title":"AYN Odin 2 Mini Pro - DROIX EU","twitter:description":"Processzor: Gen 2 Megjelen\u00edt\u00e9s: LED \u00e9rint\u0151k\u00e9perny\u0151: 1920x1080 5&quot; Mini LED \u00e9rint\u0151k\u00e9perny\u0151 RAM: 12GB LPDDR5X T\u00e1rol\u00f3: 256 GB UFS4.0 Csatlakoztathat\u00f3s\u00e1g: 5.3 A csomag tartalmazza 1x AYN Odin 2 Mini Pro 1x USB Type-C k\u00e1bel 1x Felhaszn\u00e1l\u00f3i k\u00e9zik\u00f6nyv 1x ingyenes k\u00e9perny\u0151v\u00e9d\u0151","twitter:image":"https:\/\/droix.eu\/wp-content\/uploads\/2024\/06\/droix-v2-light-logo.png"},"aioseo_meta_data":{"post_id":"561162","title":null,"description":null,"keywords":null,"keyphrases":{"focus":{"keyphrase":"","score":0,"analysis":{"keyphraseInTitle":{"score":0,"maxScore":9,"error":1}}},"additional":[]},"primary_term":null,"canonical_url":null,"og_title":null,"og_description":null,"og_object_type":"default","og_image_type":"default","og_image_url":null,"og_image_width":null,"og_image_height":null,"og_image_custom_url":null,"og_image_custom_fields":null,"og_video":"","og_custom_url":null,"og_article_section":null,"og_article_tags":null,"twitter_use_og":true,"twitter_card":"default","twitter_image_type":"default","twitter_image_url":null,"twitter_image_custom_url":null,"twitter_image_custom_fields":null,"twitter_title":null,"twitter_description":null,"schema":{"blockGraphs":[],"customGraphs":[],"default":{"data":{"Article":[],"Course":[],"Dataset":[],"FAQPage":[],"Movie":[],"Person":[],"Product":[],"ProductReview":[],"Car":[],"Recipe":[],"Service":[],"SoftwareApplication":[],"WebPage":[]},"graphName":"Product","isEnabled":true},"graphs":[]},"schema_type":"default","schema_type_options":null,"pillar_content":false,"robots_default":true,"robots_noindex":false,"robots_noarchive":false,"robots_nosnippet":false,"robots_nofollow":false,"robots_noimageindex":false,"robots_noodp":false,"robots_notranslate":false,"robots_max_snippet":"-1","robots_max_videopreview":"-1","robots_max_imagepreview":"large","priority":null,"frequency":"default","local_seo":null,"seo_analyzer_scan_date":"2026-01-20 07:38:19","breadcrumb_settings":null,"limit_modified_date":false,"reviewed_by":null,"open_ai":null,"ai":{"faqs":[],"keyPoints":[],"titles":[],"descriptions":[],"socialPosts":{"email":[],"linkedin":[],"twitter":[],"facebook":[],"instagram":[]}},"created":"2025-10-09 05:46:31","updated":"2026-01-24 13:14:03"},"aioseo_breadcrumb":"<div class=\"aioseo-breadcrumbs\"><span class=\"aioseo-breadcrumb\">\n\t<a href=\"https:\/\/droix.eu\/hu\/\" title=\"Home\">Home<\/a>\n<\/span><span class=\"aioseo-breadcrumb-separator\">&raquo;<\/span><span class=\"aioseo-breadcrumb\">\n\t<a href=\"https:\/\/droix.eu\/hu\/product-category\/retro-jatekkonzol\/\" title=\"Retro j\u00e1t\u00e9kkonzol\">Retro j\u00e1t\u00e9kkonzol<\/a>\n<\/span><span class=\"aioseo-breadcrumb-separator\">&raquo;<\/span><span class=\"aioseo-breadcrumb\">\n\t<a href=\"https:\/\/droix.eu\/hu\/product-category\/retro-jatekkonzol\/retro-kezi-jatekkonzol\/\" title=\"Retro k\u00e9zi j\u00e1t\u00e9kkonzol\">Retro k\u00e9zi j\u00e1t\u00e9kkonzol<\/a>\n<\/span><span class=\"aioseo-breadcrumb-separator\">&raquo;<\/span><span class=\"aioseo-breadcrumb\">\n\tAYN Odin 2 Mini Pro\n<\/span><\/div>","aioseo_breadcrumb_json":[{"label":"Home","link":"https:\/\/droix.eu\/hu\/"},{"label":"Retro j\u00e1t\u00e9kkonzol","link":"https:\/\/droix.eu\/hu\/product-category\/retro-jatekkonzol\/"},{"label":"Retro k\u00e9zi j\u00e1t\u00e9kkonzol","link":"https:\/\/droix.eu\/hu\/product-category\/retro-jatekkonzol\/retro-kezi-jatekkonzol\/"},{"label":"AYN Odin 2 Mini Pro","link":"https:\/\/droix.eu\/hu\/product\/ayn-odin-2-mini-pro\/"}],"_links":{"self":[{"href":"https:\/\/droix.eu\/hu\/wp-json\/wp\/v2\/product\/561162","targetHints":{"allow":["GET"]}}],"collection":[{"href":"https:\/\/droix.eu\/hu\/wp-json\/wp\/v2\/product"}],"about":[{"href":"https:\/\/droix.eu\/hu\/wp-json\/wp\/v2\/types\/product"}],"version-history":[{"count":0,"href":"https:\/\/droix.eu\/hu\/wp-json\/wp\/v2\/product\/561162\/revisions"}],"wp:featuredmedia":[{"embeddable":true,"href":"https:\/\/droix.eu\/hu\/wp-json\/wp\/v2\/media\/561165"}],"wp:attachment":[{"href":"https:\/\/droix.eu\/hu\/wp-json\/wp\/v2\/media?parent=561162"}],"wp:term":[{"taxonomy":"product_brand","embeddable":true,"href":"https:\/\/droix.eu\/hu\/wp-json\/wp\/v2\/product_brand?post=561162"},{"taxonomy":"product_cat","embeddable":true,"href":"https:\/\/droix.eu\/hu\/wp-json\/wp\/v2\/product_cat?post=561162"},{"taxonomy":"product_tag","embeddable":true,"href":"https:\/\/droix.eu\/hu\/wp-json\/wp\/v2\/product_tag?post=561162"},{"taxonomy":"woo-feed-brand","embeddable":true,"href":"https:\/\/droix.eu\/hu\/wp-json\/wp\/v2\/woo-feed-brand?post=561162"},{"taxonomy":"key-features","embeddable":true,"href":"https:\/\/droix.eu\/hu\/wp-json\/wp\/v2\/key-features?post=561162"}],"curies":[{"name":"wp","href":"https:\/\/api.w.org\/{rel}","templated":true}]}}