{"id":573649,"date":"2025-06-04T11:47:38","date_gmt":"2025-06-04T10:47:38","guid":{"rendered":"https:\/\/droix.eu\/product\/gpd-duo\/"},"modified":"2026-01-19T14:36:48","modified_gmt":"2026-01-19T14:36:48","slug":"gpd-duo","status":"publish","type":"product","link":"https:\/\/droix.eu\/fr\/product\/gpd-duo\/","title":{"rendered":"GPD DUO"},"content":{"rendered":"\n<figure class=\"wp-block-video\"><video height=\"720\" style=\"aspect-ratio: 1280 \/ 720;\" width=\"1280\" controls=\"\" poster=\"https:\/\/droix.eu\/wp-content\/uploads\/2025\/06\/GPD-DUO-MARKETING.png\" src=\"https:\/\/droix.eu\/wp-content\/uploads\/2025\/06\/GPD-DUO.mp4\"><\/video><\/figure>\n\n<div class=\"wp-block-columns is-layout-flex wp-container-core-columns-is-layout-28f84493 wp-block-columns-is-layout-flex\">\n<div class=\"wp-block-column is-layout-flow wp-block-column-is-layout-flow\" style=\"flex-basis:25%\">\n<figure class=\"wp-block-image size-full is-resized\"><a href=\"https:\/\/droix.eu\/wp-content\/uploads\/2025\/06\/GPD-DUO-LISTING-DONE-12-1.jpg\"><img fetchpriority=\"high\" decoding=\"async\" width=\"1500\" height=\"1500\" src=\"https:\/\/droix.eu\/wp-content\/uploads\/2025\/06\/GPD-DUO-LISTING-DONE-12-1.jpg\" alt=\"Trois vues de l'ordinateur portable GPD DUO illustrant sa polyvalence. L'appareil est dot&#xE9; de deux &#xE9;crans de 13,3 pouces avec des motifs abstraits bleus et violets. Il est pr&#xE9;sent&#xE9; en mode ordinateur portable, en mode tablette avec l'&#xE9;cran compl&#xE8;tement tourn&#xE9; et en mode tente. L'ordinateur portable a un design &#xE9;l&#xE9;gant gris et noir avec un clavier complet.   \" class=\"wp-image-693274\" style=\"width:203px;height:auto\" srcset=\"https:\/\/droix.eu\/wp-content\/uploads\/2025\/06\/GPD-DUO-LISTING-DONE-12-1.jpg 1500w, https:\/\/droix.eu\/wp-content\/uploads\/2025\/06\/GPD-DUO-LISTING-DONE-12-1-300x300.jpg 300w, https:\/\/droix.eu\/wp-content\/uploads\/2025\/06\/GPD-DUO-LISTING-DONE-12-1-1024x1024.jpg 1024w, https:\/\/droix.eu\/wp-content\/uploads\/2025\/06\/GPD-DUO-LISTING-DONE-12-1-768x768.jpg 768w, https:\/\/droix.eu\/wp-content\/uploads\/2025\/06\/GPD-DUO-LISTING-DONE-12-1-990x990.jpg 990w, https:\/\/droix.eu\/wp-content\/uploads\/2025\/06\/GPD-DUO-LISTING-DONE-12-1-441x441.jpg 441w, https:\/\/droix.eu\/wp-content\/uploads\/2025\/06\/GPD-DUO-LISTING-DONE-12-1-100x100.jpg 100w, https:\/\/droix.eu\/wp-content\/uploads\/2025\/06\/GPD-DUO-LISTING-DONE-12-1-1000x1000.jpg 1000w, https:\/\/droix.eu\/wp-content\/uploads\/2025\/06\/GPD-DUO-LISTING-DONE-12-1-150x150.jpg 150w\" sizes=\"(max-width: 1500px) 100vw, 1500px\" \/><\/a><\/figure>\n<\/div>\n\n\n\n<div class=\"wp-block-column is-layout-flow wp-block-column-is-layout-flow\" style=\"flex-basis:50%\">\n<h2 class=\"wp-block-heading\">Conception tri-pli et facilit\u00e9 d&#8217;utilisation<\/h2>\n\n\n\n<p>Le fabricant d&#8217;ordinateurs GPD propose une conception tri-pli innovante avec deux charni\u00e8res, dont une charni\u00e8re \u00e0 360 degr\u00e9s pour l&#8217;\u00e9cran sup\u00e9rieur, offrant une polyvalence exceptionnelle dans les modes d&#8217;utilisation. Lorsqu&#8217;il est enti\u00e8rement d\u00e9ploy\u00e9, l&#8217;appareil offre un vaste \u00e9cran vertical de 18 pouces, id\u00e9al pour les t\u00e2ches de productivit\u00e9. <\/p>\n\n\n\n<p>L&#8217;\u00e9cran secondaire peut se replier derri\u00e8re l&#8217;\u00e9cran principal, transformant l&#8217;ordinateur portable duo en un format d&#8217;ordinateur portable conventionnel. Cette conception unique permet aux utilisateurs d&#8217;adapter l&#8217;appareil \u00e0 divers sc\u00e9narios, de l&#8217;utilisation standard d&#8217;un ordinateur portable \u00e0 une exp\u00e9rience de type tablette avec les deux \u00e9crans accessibles. Une fois repli\u00e9, le Duo prend la taille d&#8217;une feuille de papier A4, am\u00e9liorant sa portabilit\u00e9. Le clavier pleine taille et le pav\u00e9 tactile r\u00e9gulier contribuent davantage \u00e0 sa praticit\u00e9, le distinguant des concurrents qui s&#8217;appuient sur des configurations s\u00e9par\u00e9es, \u00e0 l&#8217;instar de la conception efficace de l&#8217;Asus ZenBook Duo. Claviers Bluetooth.    <\/p>\n<\/div>\n\n\n\n<div class=\"wp-block-column is-layout-flow wp-block-column-is-layout-flow\" style=\"flex-basis:25%\">\n<figure class=\"wp-block-image size-full is-resized\"><a href=\"https:\/\/droix.eu\/wp-content\/uploads\/2025\/06\/GPD-DUO-MARKETING-DONE-17-990x990-1.png\"><img decoding=\"async\" width=\"990\" height=\"990\" src=\"https:\/\/droix.eu\/wp-content\/uploads\/2025\/06\/GPD-DUO-MARKETING-DONE-17-990x990-1.png\" alt=\"Comparaison des dimensions de l'ordinateur portable GPD DUO avec le format de papier A4 standard. Le GPD DUO, repr&#xE9;sent&#xE9; en gris fonc&#xE9;, mesure 297 mm de hauteur et 209,65 mm de largeur. &#xC0; c&#xF4;t&#xE9;, une feuille de papier A4 est affich&#xE9;e, mesurant 297 mm de hauteur et 210 mm de largeur, ce qui illustre la taille compacte de l'ordinateur portable par rapport &#xE0; une feuille de papier standard.  \" class=\"wp-image-693276\" style=\"width:428px;height:auto\" srcset=\"https:\/\/droix.eu\/wp-content\/uploads\/2025\/06\/GPD-DUO-MARKETING-DONE-17-990x990-1.png 990w, https:\/\/droix.eu\/wp-content\/uploads\/2025\/06\/GPD-DUO-MARKETING-DONE-17-990x990-1-300x300.png 300w, https:\/\/droix.eu\/wp-content\/uploads\/2025\/06\/GPD-DUO-MARKETING-DONE-17-990x990-1-768x768.png 768w, https:\/\/droix.eu\/wp-content\/uploads\/2025\/06\/GPD-DUO-MARKETING-DONE-17-990x990-1-441x441.png 441w, https:\/\/droix.eu\/wp-content\/uploads\/2025\/06\/GPD-DUO-MARKETING-DONE-17-990x990-1-100x100.png 100w, https:\/\/droix.eu\/wp-content\/uploads\/2025\/06\/GPD-DUO-MARKETING-DONE-17-990x990-1-150x150.png 150w\" sizes=\"(max-width: 990px) 100vw, 990px\" \/><\/a><\/figure>\n<\/div>\n<\/div>\n\n<h3 class=\"wp-block-heading\">Processeur AMD de pointe<\/h3>\n\n<p>Le GPD DUO devrait \u00eatre \u00e9quip\u00e9 du processeur de pointe <a href=\"https:\/\/droix.net\/product-attribute\/processor-cpu-model\/ryzen-ai-9-hx-370\" target=\"_blank\" rel=\"noreferrer noopener\">AMD Ryzen\u2122 AI 9 HX 370<\/a>, dont le nom de code est Strix Point. Ce puissant processeur est construit sur la derni\u00e8re architecture Zen5 utilisant un processus 4nm, avec 12 c\u0153urs et 24 threads avec une fr\u00e9quence turbo atteignant jusqu&#8217;\u00e0 5,1 GHz.<\/p>\n\n<p>La <a href=\"https:\/\/droix.net\/product-attribute\/processor-cpu-model\/ryzen-ai-9-hx-370\" target=\"_blank\" rel=\"noreferrer noopener\">Ryzen AI 9 HX 370<\/a> offre des performances impressionnantes, les tests officiels de GPD r\u00e9v\u00e9lant des performances monoc\u0153urs rivalisant avec celles de l&#8217;AMD Ryzen 9 7950X de bureau et des performances multic\u0153urs surpassant celles de l&#8217;AMD Ryzen 9 5950X de bureau dans les benchmarks Cinebench 2024. La puissance de calcul totale du processeur atteint le chiffre impressionnant de 80 TOPS (trillions d&#8217;op\u00e9rations par seconde). Le processeur int\u00e8gre \u00e9galement une architecture avanc\u00e9e XDNA 2 NPU, offrant une puissance de calcul de 50 TOPS. C&#8217;est 5 TOPS de plus que le Qualcomm Snapdragon X Elite et 12 TOPS de plus que le CPU \u00e0 10 c\u0153urs de l&#8217;Apple M4, ce qui am\u00e9liore l&#8217;efficacit\u00e9 informatique tout en r\u00e9duisant la consommation d&#8217;\u00e9nergie globale.<\/p>\n\n<p>Le processeur <a href=\"https:\/\/droix.net\/product-attribute\/processor-cpu-model\/ryzen-ai-9-hx-370\" target=\"_blank\" rel=\"noreferrer noopener\">Ryzen AI 9 HX 370<\/a> du Duo aura un TDP configurable allant jusqu&#8217;\u00e0 60W, permettant une gestion flexible de l&#8217;alimentation pour \u00e9quilibrer les performances et l&#8217;efficacit\u00e9 \u00e9nerg\u00e9tique. Cette puissante configuration de processeurs positionne le Duo comme un appareil haute performance capable de g\u00e9rer des t\u00e2ches exigeantes et d&#8217;offrir une excellente exp\u00e9rience de jeu dans un format portable.<\/p>\n\n<p>En outre, le GPD DUO propose \u00e9galement une option avec le processeur <a href=\"https:\/\/droix.net\/product-attribute\/processor-cpu-model\/amd-ryzen-7-8840u\/\" target=\"_blank\" rel=\"noreferrer noopener\">AMD Ryzen\u2122 7 8840U<\/a>, associ\u00e9 au <a href=\"https:\/\/droix.net\/product-attribute\/graphics-gpu-model\/radeon-780m\/\" target=\"_blank\" rel=\"noreferrer noopener\">GPU Radeon\u2122 780M<\/a>. Cette configuration offre une combinaison \u00e9quilibr\u00e9e de performances et d&#8217;efficacit\u00e9 \u00e9nerg\u00e9tique, ce qui la rend id\u00e9ale pour les utilisateurs qui recherchent une productivit\u00e9 \u00e9lev\u00e9e et des capacit\u00e9s de jeu dans un ensemble plus \u00e9conome en \u00e9nergie.<\/p>\n\n<h3 class=\"wp-block-heading\"><strong>Graphiques int\u00e9gr\u00e9s puissants<\/strong><\/h3>\n\n<p>Le processeur <a href=\"https:\/\/droix.net\/product-attribute\/processor-cpu-model\/ryzen-ai-9-hx-370\" target=\"_blank\" rel=\"noreferrer noopener\">AMD Ryzen AI 9 HX 370<\/a> du <a href=\"https:\/\/droix.net\/product-attribute\/graphics-gpu-model\/radeon-890m\/\" target=\"_blank\" rel=\"noreferrer noopener\">GPD DUO int\u00e8gre le GPU Radeon 890M<\/a>, qui est bas\u00e9 sur l&#8217;architecture RDNA 3.5. Cette solution graphique int\u00e9gr\u00e9e comprend 16 unit\u00e9s de calcul (CU) et 1024 processeurs de flux, ce qui repr\u00e9sente une augmentation de 33 % des sp\u00e9cifications par rapport \u00e0 son pr\u00e9d\u00e9cesseur. Cette am\u00e9lioration se traduit par une hausse significative de 36 % des performances de jeu par rapport aux g\u00e9n\u00e9rations pr\u00e9c\u00e9dentes.<\/p>\n\n<p>Les capacit\u00e9s de la <a href=\"https:\/\/droix.net\/product-attribute\/graphics-gpu-model\/radeon-890m\/\" target=\"_blank\" rel=\"noreferrer noopener\">Radeon 890M<\/a> sont particuli\u00e8rement impressionnantes pour un GPU int\u00e9gr\u00e9. Dans les benchmarks 3DMark TimeSpy, elle surpasse la NVIDIA GeForce RTX 2050 (version mobile) et s&#8217;approche du niveau de performance de la RTX 3050 (version mobile). Ce niveau de performance graphique est exceptionnel pour une solution int\u00e9gr\u00e9e, ce qui fait de cet ordinateur portable pliable un appareil capable d&#8217;accomplir des t\u00e2ches de productivit\u00e9 et de jeu.<\/p>\n\n<p>Pour les t\u00e2ches graphiques, l&#8217;architecture de la <a href=\"https:\/\/droix.net\/product-attribute\/graphics-gpu-model\/radeon-890m\/\" target=\"_blank\" rel=\"noreferrer noopener\">Radeon 890M<\/a> est bien adapt\u00e9e pour g\u00e9rer les charges de travail exigeantes. Les performances du GPU, associ\u00e9es aux deux \u00e9crans OLED de 13,3 pouces, chacun affichant une r\u00e9solution de 2 880 \u00d7 1 800, cr\u00e9ent un environnement id\u00e9al pour la conception graphique, le montage vid\u00e9o et d&#8217;autres t\u00e2ches visuellement intensives. La couverture \u00e0 100 % des gammes de couleurs Adobe RGB et DCI-P3, ainsi que l&#8217;\u00e9talonnage en usine garantissant un Delta E &lt; 1, assurent une excellente pr\u00e9cision des couleurs pour les travaux graphiques professionnels.<\/p>\n\n<p>En termes de jeu, les capacit\u00e9s graphiques du Duo le positionnent comme un appareil de jeu portable polyvalent. Bien qu&#8217;il ne corresponde pas aux performances des ordinateurs portables de jeu haut de gamme d\u00e9di\u00e9s, il devrait g\u00e9rer de nombreux jeux modernes avec des param\u00e8tres et des r\u00e9solutions moyens. La configuration \u00e0 double \u00e9cran offre \u00e9galement des possibilit\u00e9s uniques pour le jeu, permettant potentiellement des vues \u00e9tendues ou des interfaces de contr\u00f4le s\u00e9par\u00e9es sur le second \u00e9cran.  <\/p>\n\n<p>Il convient de noter qu&#8217;il inclut un port OCuLink, qui prend en charge les connexions GPU externes (eGPU). Cette fonctionnalit\u00e9 permet aux utilisateurs d&#8217;augmenter significativement les performances graphiques en connectant des GPU externes plus puissants, am\u00e9liorant les capacit\u00e9s de jeu et de traitement graphique de l&#8217;appareil lorsque n\u00e9cessaire. <\/p>\n\n<h3 class=\"wp-block-heading\">Stockage et m\u00e9moire expansifs<\/h3>\n\n<p>Le GPD Duo red\u00e9finit l&#8217;informatique portable avec ses capacit\u00e9s exceptionnelles de m\u00e9moire et de stockage, con\u00e7ues pour r\u00e9pondre aux exigences des t\u00e2ches les plus gourmandes en ressources. Exp\u00e9rimentez des performances ultrarapides avec jusqu&#8217;\u00e0 64 Go de RAM <a href=\"https:\/\/droix.net\/product-attribute\/memory-ram-technology\/lpddr5x\/\" target=\"_blank\" rel=\"noreferrer noopener\">LPDDR5x<\/a>, cadenc\u00e9e \u00e0 un impressionnant 7 500 MT\/s. Cette capacit\u00e9 de m\u00e9moire massive assure un multit\u00e2che fluide, une commutation d&#8217;applications sans heurts et une gestion sans effort des flux de travail complexes, de la rendu 3D \u00e0 l&#8217;ex\u00e9cution de plusieurs machines virtuelles, particuli\u00e8rement dans des ordinateurs portables puissants tels que l&#8217;Asus ZenBook Duo.  <br\/><br\/>Mais nous ne nous arr\u00eatons pas l\u00e0, car nous proposons des options de stockage \u00e9tendues pour garder tous vos fichiers, projets et applications \u00e0 port\u00e9e de main. Choisissez parmi des configurations allant de 512 Go \u00e0 2 To de stockage SSD PCIe 4.0 x4 ultra-rapide dans l&#8217;un des deux emplacements M.2. Pour ceux qui ont besoin d&#8217;encore plus d&#8217;espace, les deux emplacements M.2 2280 permettent d&#8217;\u00e9tendre le stockage jusqu&#8217;\u00e0 une capacit\u00e9 incroyable de 16 To (8 To x 2). Cela signifie que vous pouvez transporter toute votre vie num\u00e9rique avec vous, sans faire de compromis sur la vitesse ou la capacit\u00e9.   <\/p>\n\n<h3 class=\"wp-block-heading\">\u00c9crans doubles pour la productivit\u00e9<\/h3>\n\n<figure class=\"wp-block-image size-full\"><a href=\"https:\/\/droix.eu\/wp-content\/uploads\/2025\/06\/VRJvNTJZmA2PRjHYRe5a9F-1200-80-990x558-1.jpg\"><img decoding=\"async\" width=\"990\" height=\"558\" src=\"https:\/\/droix.eu\/wp-content\/uploads\/2025\/06\/VRJvNTJZmA2PRjHYRe5a9F-1200-80-990x558-1.jpg\" alt=\"Image promotionnelle pour le GPD DUO &#xE0; double &#xE9;cran OLED. Fond sombre avec des effets lumineux bleus et violets. Un contour rectangulaire sugg&#xE8;re la forme de l'appareil, avec le texte &quot;GPD Duo Dual-Screen OLED NEW&quot; en haut.  \" class=\"wp-image-693277\" srcset=\"https:\/\/droix.eu\/wp-content\/uploads\/2025\/06\/VRJvNTJZmA2PRjHYRe5a9F-1200-80-990x558-1.jpg 990w, https:\/\/droix.eu\/wp-content\/uploads\/2025\/06\/VRJvNTJZmA2PRjHYRe5a9F-1200-80-990x558-1-300x169.jpg 300w, https:\/\/droix.eu\/wp-content\/uploads\/2025\/06\/VRJvNTJZmA2PRjHYRe5a9F-1200-80-990x558-1-768x433.jpg 768w, https:\/\/droix.eu\/wp-content\/uploads\/2025\/06\/VRJvNTJZmA2PRjHYRe5a9F-1200-80-990x558-1-441x249.jpg 441w, https:\/\/droix.eu\/wp-content\/uploads\/2025\/06\/VRJvNTJZmA2PRjHYRe5a9F-1200-80-990x558-1-150x85.jpg 150w\" sizes=\"(max-width: 990px) 100vw, 990px\" \/><\/a><\/figure>\n\n<p>La configuration \u00e0 double \u00e9cran du GPD DUO est con\u00e7ue pour am\u00e9liorer consid\u00e9rablement la productivit\u00e9 et l&#8217;efficacit\u00e9 du flux de travail. Chaque \u00e9cran est un panneau OLED original Samsung de 13,3 pouces, offrant une zone de visualisation combin\u00e9e de 18 pouces lorsqu&#8217;il est enti\u00e8rement d\u00e9ploy\u00e9. Ces \u00e9crans pr\u00e9sentent des caract\u00e9ristiques impressionnantes, notamment une r\u00e9solution de 2 880 x 1 800, une densit\u00e9 de pixels de 255 PPI et un taux de rafra\u00eechissement de <a href=\"https:\/\/droix.net\/product-attribute\/refresh-rate\/60hz\/\" target=\"_blank\" rel=\"noreferrer noopener\">60 Hz<\/a>. Les \u00e9crans prennent en charge la saisie tactile \u00e0 10 points et 4096 niveaux de sensibilit\u00e9 \u00e0 la pression, ce qui les rend compatibles avec des stylets tels que le Surface Pen pour une saisie pr\u00e9cise dans les applications cr\u00e9atives. La pr\u00e9cision des couleurs est l&#8217;une des principales caract\u00e9ristiques de ces \u00e9crans, qui couvrent 100 % de la gamme de couleurs Adobe RGB et 133 % de la gamme de couleurs sRGB. Cette large gamme de couleurs, associ\u00e9e \u00e0 un \u00e9talonnage en usine garantissant un Delta E &lt; 1, fait du GPD DUO un excellent choix pour les travaux de conception professionnels et les t\u00e2ches critiques en mati\u00e8re de couleurs. La technologie OLED offre un rapport de contraste de 1 000 000:1, d\u00e9livrant des noirs vrais et des blancs \u00e9clatants, ce qui est particuli\u00e8rement b\u00e9n\u00e9fique pour la conception graphique, l&#8217;\u00e9dition vid\u00e9o et la cr\u00e9ation de contenu.      <\/p>\n\n<p>La configuration \u00e0 double \u00e9cran ouvre de nombreuses possibilit\u00e9s pour une productivit\u00e9 accrue :<\/p>\n\n<ul class=\"wp-block-list\">\n<li>Multit\u00e2che : Les utilisateurs peuvent ex\u00e9cuter diff\u00e9rentes applications sur chaque \u00e9cran, permettant un flux de travail fluide entre les t\u00e2ches sans avoir besoin de changer constamment de fen\u00eatre.<\/li>\n\n\n\n<li>Espace de travail \u00e9tendu : L&#8217;empilement vertical des \u00e9crans fournit un espace de travail expansif, id\u00e9al pour le codage, l&#8217;\u00e9dition de documents ou le travail sur de longs tableurs.<\/li>\n\n\n\n<li>R\u00e9f\u00e9rence et travail : Un \u00e9cran peut \u00eatre utilis\u00e9 pour les documents de r\u00e9f\u00e9rence tandis que l&#8217;autre est utilis\u00e9 pour le travail actif, rationalisant les processus de recherche et de cr\u00e9ation de contenu.<\/li>\n\n\n\n<li>Mode pr\u00e9sentation : L&#8217;appareil peut \u00eatre configur\u00e9 pour afficher une pr\u00e9sentation sur un \u00e9cran tandis que le pr\u00e9sentateur voit les notes ou les contr\u00f4les sur l&#8217;autre.<\/li>\n<\/ul>\n\n<p>Pour les professionnels de la cr\u00e9ation, la prise en charge de la saisie au stylet et la haute pr\u00e9cision des couleurs par les doubles \u00e9crans OLED permettent des transitions transparentes entre les diff\u00e9rentes \u00e9tapes du processus cr\u00e9atif. Par exemple, un \u00e9cran peut \u00eatre utilis\u00e9 pour la peinture num\u00e9rique tandis que l&#8217;autre affiche des images de r\u00e9f\u00e9rence ou des palettes d&#8217;outils. <\/p>\n\n<h3 class=\"wp-block-heading\">Capacit\u00e9s d&#8217;entr\u00e9e de l&#8217;\u00e9cran secondaire<\/h3>\n\n<figure class=\"wp-block-image size-full\"><a href=\"https:\/\/droix.eu\/wp-content\/uploads\/2025\/06\/GPD-DUO-MARKETING-DONE-15-990x990-1.png\"><img loading=\"lazy\" decoding=\"async\" width=\"990\" height=\"990\" src=\"https:\/\/droix.eu\/wp-content\/uploads\/2025\/06\/GPD-DUO-MARKETING-DONE-15-990x990-1.png\" alt=\"Un espace de travail &#xE9;l&#xE9;gant pr&#xE9;sentant un ordinateur portable GPD Duo avec son &#xE9;cran secondaire connect&#xE9;. La configuration inclut trois moniteurs externes, tous affichant divers graphiques color&#xE9;s. L'&#xE9;cran secondaire du GPD Duo est utilis&#xE9; comme &#xE9;cran &#xE9;tendu, montrant des donn&#xE9;es suppl&#xE9;mentaires. &#xC0; gauche, une lampe de bureau moderne illumine la zone, et &#xE0; droite, une paire d'&#xE9;couteurs repose sur un support. L'arrangement d&#xE9;montre la polyvalence et l'utilit&#xE9; de l'&#xE9;cran secondaire du GPD Duo lorsqu'il est connect&#xE9; &#xE0; plusieurs appareils en utilisant le port USB-C qui prend en charge le mode alternatif DisplayPort.    \" class=\"wp-image-693278\" srcset=\"https:\/\/droix.eu\/wp-content\/uploads\/2025\/06\/GPD-DUO-MARKETING-DONE-15-990x990-1.png 990w, https:\/\/droix.eu\/wp-content\/uploads\/2025\/06\/GPD-DUO-MARKETING-DONE-15-990x990-1-300x300.png 300w, https:\/\/droix.eu\/wp-content\/uploads\/2025\/06\/GPD-DUO-MARKETING-DONE-15-990x990-1-768x768.png 768w, https:\/\/droix.eu\/wp-content\/uploads\/2025\/06\/GPD-DUO-MARKETING-DONE-15-990x990-1-441x441.png 441w, https:\/\/droix.eu\/wp-content\/uploads\/2025\/06\/GPD-DUO-MARKETING-DONE-15-990x990-1-100x100.png 100w, https:\/\/droix.eu\/wp-content\/uploads\/2025\/06\/GPD-DUO-MARKETING-DONE-15-990x990-1-150x150.png 150w\" sizes=\"(max-width: 990px) 100vw, 990px\" \/><\/a><\/figure>\n\n<p>L&#8217;\u00e9cran secondaire du GPD Duo est con\u00e7u dans un souci de polyvalence, pr\u00e9sentant un port USB-C qui prend en charge le mode alternatif DisplayPort pour l&#8217;entr\u00e9e vid\u00e9o. Cette conception innovante permet \u00e0 l&#8217;\u00e9cran secondaire de fonctionner comme un \u00e9cran externe pour une vari\u00e9t\u00e9 d&#8217;appareils tiers, \u00e9tendant son utilit\u00e9 au-del\u00e0 de l&#8217;ordinateur portable lui-m\u00eame. Le port USB-C sur l&#8217;\u00e9cran secondaire est sp\u00e9cifiquement configur\u00e9 pour prendre en charge le mode DP ALT, qui permet la transmission du signal vid\u00e9o, une sp\u00e9cification notable partag\u00e9e par l&#8217;Asus ZenBook Duo. Cependant, il est important de noter que ce port ne prend pas en charge le transfert audio ou de donn\u00e9es, se concentrant uniquement sur la fonctionnalit\u00e9 d&#8217;entr\u00e9e vid\u00e9o. L&#8217;intention de conception est d&#8217;utiliser l&#8217;\u00e9cran secondaire soit comme \u00e9cran principal, soit comme \u00e9cran \u00e9tendu pour des appareils externes, l&#8217;audio d\u00e9pendant des haut-parleurs de l&#8217;appareil connect\u00e9. Cette fonctionnalit\u00e9 permet de se connecter \u00e0 une large gamme d&#8217;appareils, notamment :   <\/p>\n\n<ul class=\"wp-block-list\">\n<li>Smartphones<\/li>\n\n\n\n<li>Tablettes<\/li>\n\n\n\n<li>Consoles de jeu portables<\/li>\n\n\n\n<li>Consoles de jeu (telles que PS5 ou Xbox Series S\/X)<\/li>\n\n\n\n<li>Ordinateurs<\/li>\n\n\n\n<li>Ordinateurs portables<\/li>\n\n\n\n<li>NUC (Next Unit of Computing)<\/li>\n\n\n\n<li>UMPC (Ultra-Mobile PC)<\/li>\n<\/ul>\n\n<p>La m\u00e9thode de connexion varie en fonction des ports disponibles sur l&#8217;appareil externe :<\/p>\n\n<ol class=\"wp-block-list\">\n<li>Ports USB-C complets : Les appareils dot\u00e9s de ces ports prennent g\u00e9n\u00e9ralement en charge le mode DP ALT et peuvent se connecter directement \u00e0 l&#8217;aide d&#8217;un c\u00e2ble USB-C complet.<\/li>\n\n\n\n<li>DisplayPort ou Mini DisplayPort : Ceux-ci n\u00e9cessitent un c\u00e2ble DP (ou Mini DP) vers USB-C pour la connexion.<\/li>\n\n\n\n<li>HDMI (y compris Mini et Micro HDMI) : Ces connexions n\u00e9cessitent un c\u00e2ble de conversion de signal prenant en charge la conversion du signal HDMI vers DP. De tels c\u00e2bles sont couramment utilis\u00e9s pour connecter des \u00e9crans portables aux consoles de jeu telles que la PS5 ou la Xbox Series S\/X. <\/li>\n<\/ol>\n\n<h3 class=\"wp-block-heading\">Int\u00e9gration polyvalente du stylet<\/h3>\n\n<div class=\"wp-block-columns is-layout-flex wp-container-core-columns-is-layout-28f84493 wp-block-columns-is-layout-flex\">\n<div class=\"wp-block-column is-layout-flow wp-block-column-is-layout-flow\">\n<figure class=\"wp-block-image size-full\"><a href=\"https:\/\/droix.eu\/wp-content\/uploads\/2025\/06\/GPD-DUO-MARKETING-DONE-23-990x990-1.png\"><img loading=\"lazy\" decoding=\"async\" width=\"990\" height=\"990\" src=\"https:\/\/droix.eu\/wp-content\/uploads\/2025\/06\/GPD-DUO-MARKETING-DONE-23-990x990-1.png\" alt=\"L'image pr&#xE9;sente le GPD DUO, un ordinateur portable polyvalent &#xE0; double &#xE9;cran en mode tablette. Il comporte deux &#xE9;crans OLED de 13,3 pouces dispos&#xE9;s verticalement, l'&#xE9;cran sup&#xE9;rieur &#xE9;tant repli&#xE9;. Un stylet est montr&#xE9; en train d'interagir avec l'&#xE9;cran inf&#xE9;rieur, qui affiche une illustration num&#xE9;rique color&#xE9;e de deux femmes marchant ensemble dans un environnement chaleureux, semblable &#xE0; un coucher de soleil. L'image souligne la capacit&#xE9; de l'appareil &#xE0; r&#xE9;aliser des croquis &#xE0; main lev&#xE9;e et &#xE0; cr&#xE9;er des &#x153;uvres d'art num&#xE9;riques. Un texte sur le c&#xF4;t&#xE9; droit met en &#xE9;vidence les fonctions d'inspiration et de cr&#xE9;ativit&#xE9; de l'illustrateur &#xE9;lectronique de l'appareil. Cette configuration d&#xE9;montre le potentiel du GPD DUO pour le travail artistique et professionnel dans un format portable et adaptable.     \" class=\"wp-image-693279\" srcset=\"https:\/\/droix.eu\/wp-content\/uploads\/2025\/06\/GPD-DUO-MARKETING-DONE-23-990x990-1.png 990w, https:\/\/droix.eu\/wp-content\/uploads\/2025\/06\/GPD-DUO-MARKETING-DONE-23-990x990-1-300x300.png 300w, https:\/\/droix.eu\/wp-content\/uploads\/2025\/06\/GPD-DUO-MARKETING-DONE-23-990x990-1-768x768.png 768w, https:\/\/droix.eu\/wp-content\/uploads\/2025\/06\/GPD-DUO-MARKETING-DONE-23-990x990-1-441x441.png 441w, https:\/\/droix.eu\/wp-content\/uploads\/2025\/06\/GPD-DUO-MARKETING-DONE-23-990x990-1-100x100.png 100w, https:\/\/droix.eu\/wp-content\/uploads\/2025\/06\/GPD-DUO-MARKETING-DONE-23-990x990-1-150x150.png 150w\" sizes=\"(max-width: 990px) 100vw, 990px\" \/><\/a><\/figure>\n<\/div>\n\n\n\n<div class=\"wp-block-column is-layout-flow wp-block-column-is-layout-flow\">\n<figure class=\"wp-block-image size-full\"><a href=\"https:\/\/droix.eu\/wp-content\/uploads\/2025\/06\/GPD-DUO-MARKETING-DONE-24-990x990-1.png\"><img loading=\"lazy\" decoding=\"async\" width=\"990\" height=\"990\" src=\"https:\/\/droix.eu\/wp-content\/uploads\/2025\/06\/GPD-DUO-MARKETING-DONE-24-990x990-1.png\" alt=\"Un appareil de prise de notes num&#xE9;rique &#xE9;l&#xE9;gant et moderne avec un stylet. L'appareil est pr&#xE9;sent&#xE9; dans une configuration pli&#xE9;e similaire &#xE0; un ordinateur portable avec un &#xE9;cran affichant du texte. Un stylet fin et m&#xE9;tallique est positionn&#xE9; au-dessus de l'&#xE9;cran. Le texte en haut &#xE0; droite indique &#xAB; Notez les rapports de r&#xE9;union, l'inspiration, les concepts mentaux n'importe o&#xF9; et n'importe quand, n'oubliez jamais &#xBB; avec une fl&#xE8;che pointant vers l'appareil. L'image met en valeur la capacit&#xE9; de l'appareil &#xE0; capturer num&#xE9;riquement des notes manuscrites et des id&#xE9;es.    \" class=\"wp-image-693280\" srcset=\"https:\/\/droix.eu\/wp-content\/uploads\/2025\/06\/GPD-DUO-MARKETING-DONE-24-990x990-1.png 990w, https:\/\/droix.eu\/wp-content\/uploads\/2025\/06\/GPD-DUO-MARKETING-DONE-24-990x990-1-300x300.png 300w, https:\/\/droix.eu\/wp-content\/uploads\/2025\/06\/GPD-DUO-MARKETING-DONE-24-990x990-1-768x768.png 768w, https:\/\/droix.eu\/wp-content\/uploads\/2025\/06\/GPD-DUO-MARKETING-DONE-24-990x990-1-441x441.png 441w, https:\/\/droix.eu\/wp-content\/uploads\/2025\/06\/GPD-DUO-MARKETING-DONE-24-990x990-1-100x100.png 100w, https:\/\/droix.eu\/wp-content\/uploads\/2025\/06\/GPD-DUO-MARKETING-DONE-24-990x990-1-150x150.png 150w\" sizes=\"(max-width: 990px) 100vw, 990px\" \/><\/a><\/figure>\n<\/div>\n\n\n\n<div class=\"wp-block-column is-layout-flow wp-block-column-is-layout-flow\">\n<figure class=\"wp-block-image size-full\"><a href=\"https:\/\/droix.eu\/wp-content\/uploads\/2025\/06\/GPD-DUO-MARKETING-DONE-33-990x990-1.png\"><img loading=\"lazy\" decoding=\"async\" width=\"990\" height=\"990\" src=\"https:\/\/droix.eu\/wp-content\/uploads\/2025\/06\/GPD-DUO-MARKETING-DONE-33-990x990-1.png\" alt=\"Une image de l'ordinateur portable GPD DUO avec deux &#xE9;crans OLED de 13,3 pouces dans une configuration verticale. L'appareil est montr&#xE9; ouvert, affichant les deux &#xE9;crans avec du contenu, et un stylet est positionn&#xE9; sur l'&#xE9;cran inf&#xE9;rieur. L'ordinateur portable est dot&#xE9; d'un clavier de taille normale et semble &#xEA;tre utilis&#xE9; dans une configuration de productivit&#xE9;, mettant en valeur sa capacit&#xE9; de conception tripl&#xE9;e.  \" class=\"wp-image-693281\" srcset=\"https:\/\/droix.eu\/wp-content\/uploads\/2025\/06\/GPD-DUO-MARKETING-DONE-33-990x990-1.png 990w, https:\/\/droix.eu\/wp-content\/uploads\/2025\/06\/GPD-DUO-MARKETING-DONE-33-990x990-1-300x300.png 300w, https:\/\/droix.eu\/wp-content\/uploads\/2025\/06\/GPD-DUO-MARKETING-DONE-33-990x990-1-768x768.png 768w, https:\/\/droix.eu\/wp-content\/uploads\/2025\/06\/GPD-DUO-MARKETING-DONE-33-990x990-1-441x441.png 441w, https:\/\/droix.eu\/wp-content\/uploads\/2025\/06\/GPD-DUO-MARKETING-DONE-33-990x990-1-100x100.png 100w, https:\/\/droix.eu\/wp-content\/uploads\/2025\/06\/GPD-DUO-MARKETING-DONE-33-990x990-1-150x150.png 150w\" sizes=\"(max-width: 990px) 100vw, 990px\" \/><\/a><\/figure>\n<\/div>\n<\/div>\n\n<p>Le GPD DUO offre une prise en charge robuste du stylet, avec 4096 niveaux de sensibilit\u00e9 \u00e0 la pression et une compatibilit\u00e9 avec le protocole Microsoft Pen (MPP), y compris le Surface Pen.Ce haut niveau de sensibilit\u00e9 permet une saisie pr\u00e9cise, ce qui rend l&#8217;appareil id\u00e9al pour une vari\u00e9t\u00e9 de t\u00e2ches cr\u00e9atives et professionnelles. La prise en charge du stylet, associ\u00e9e aux doubles \u00e9crans OLED, cr\u00e9e une plateforme polyvalente pour les artistes num\u00e9riques, les concepteurs et les preneurs de notes. <\/p>\n\n<p>Lib\u00e9rez votre potentiel cr\u00e9atif avec le stylet du GPD Duo, parfait pour l&#8217;illustration num\u00e9rique. Les artistes peuvent dessiner sur un \u00e9cran tout en consultant des images ou des palettes d&#8217;outils sur l&#8217;autre, rationalisant ainsi leur flux de travail. Les professionnels appr\u00e9cieront l&#8217;efficacit\u00e9 de la prise de notes lors de r\u00e9unions ou de conf\u00e9rences, avec la possibilit\u00e9 d&#8217;organiser et de r\u00e9viser simultan\u00e9ment les notes sur le second \u00e9cran.  <\/p>\n\n<p>Dans les contextes \u00e9ducatifs, les \u00e9tudiants peuvent annoter des manuels num\u00e9riques ou cr\u00e9er des cartes mentales, am\u00e9liorant ainsi leurs exp\u00e9riences d&#8217;apprentissage gr\u00e2ce \u00e0 la configuration \u00e0 double \u00e9cran. Les capacit\u00e9s du stylet sont \u00e9galement inestimables pour les architectes et les ing\u00e9nieurs, permettant des croquis et des annotations pr\u00e9cis. Sa portabilit\u00e9 et son facteur de forme polyvalent en font le compagnon id\u00e9al pour les t\u00e2ches cr\u00e9atives et professionnelles, que ce soit au bureau ou en d\u00e9placement.  <\/p>\n\n<h3 class=\"wp-block-heading\"><strong>Autonomie de batterie pour toute la journ\u00e9e<\/strong><\/h3>\n\n<figure class=\"wp-block-image size-full\"><a href=\"https:\/\/droix.eu\/wp-content\/uploads\/2025\/06\/GPD-DUO-MARKETING-DONE-32-990x990-1.png\"><img loading=\"lazy\" decoding=\"async\" width=\"990\" height=\"990\" src=\"https:\/\/droix.eu\/wp-content\/uploads\/2025\/06\/GPD-DUO-MARKETING-DONE-32-990x990-1.png\" alt=\"L'image montre les composants internes de l'appareil, y compris la batterie de 80Wh &#xE9;tiquet&#xE9;e en bleu. La structure tri-pli unique de l'ordinateur portable est visible, avec deux &#xE9;crans OLED de 13,3 pouces qui peuvent &#xEA;tre positionn&#xE9;s dans diverses configurations. Le ch&#xE2;ssis noir &#xE9;l&#xE9;gant et le syst&#xE8;me de dissipation thermique de couleur cuivre sont &#xE9;galement visibles, soulignant la puissance des composants internes de l'appareil et la solution de refroidissement innovante.  \" class=\"wp-image-693282\" srcset=\"https:\/\/droix.eu\/wp-content\/uploads\/2025\/06\/GPD-DUO-MARKETING-DONE-32-990x990-1.png 990w, https:\/\/droix.eu\/wp-content\/uploads\/2025\/06\/GPD-DUO-MARKETING-DONE-32-990x990-1-300x300.png 300w, https:\/\/droix.eu\/wp-content\/uploads\/2025\/06\/GPD-DUO-MARKETING-DONE-32-990x990-1-768x768.png 768w, https:\/\/droix.eu\/wp-content\/uploads\/2025\/06\/GPD-DUO-MARKETING-DONE-32-990x990-1-441x441.png 441w, https:\/\/droix.eu\/wp-content\/uploads\/2025\/06\/GPD-DUO-MARKETING-DONE-32-990x990-1-100x100.png 100w, https:\/\/droix.eu\/wp-content\/uploads\/2025\/06\/GPD-DUO-MARKETING-DONE-32-990x990-1-150x150.png 150w\" sizes=\"(max-width: 990px) 100vw, 990px\" \/><\/a><\/figure>\n\n<p>Restez productif tout au long de votre journ\u00e9e gr\u00e2ce aux performances exceptionnelles de la batterie du Duo. Dot\u00e9 d&#8217;une batterie de 80Wh et d&#8217;un processeur <a href=\"https:\/\/droix.net\/product-attribute\/processor-cpu-model\/ryzen-ai-9-hx-370\" data-type=\"link\" data-id=\"https:\/\/droix.net\/product-attribute\/processor-cpu-model\/ryzen-ai-9-hx-370\">AMD Ryzen AI 9 HX 370<\/a> efficace, cet ordinateur portable offre jusqu&#8217;\u00e0 10 heures d&#8217;utilisation dans des conditions typiques. Pour des recharges rapides, la prise en charge de la charge super rapide de 100W minimise les temps d&#8217;arr\u00eat, maximisant votre productivit\u00e9 o\u00f9 que vous travailliez.  <\/p>\n\n<h3 class=\"wp-block-heading\"><strong>Fonctionnalit\u00e9s de productivit\u00e9 pr\u00eates pour le bureau<\/strong><\/h3>\n\n<p>\u00c9levez votre productivit\u00e9 au bureau avec les fonctionnalit\u00e9s compl\u00e8tes du Duo, adapt\u00e9es aux professionnels modernes. Profitez d&#8217;un clavier pleine taille avec retour tactile et d&#8217;une conception ergonomique qui r\u00e9duit la fatigue lors d&#8217;une utilisation prolong\u00e9e. Le pav\u00e9 tactile int\u00e9gr\u00e9 avec retour haptique am\u00e9liore la pr\u00e9cision de navigation, assurant des interactions fluides que vous \u00e9ditiez des documents ou conceviez des graphiques. Des capacit\u00e9s de communication avanc\u00e9es, notamment une webcam haute d\u00e9finition et un microphone int\u00e9gr\u00e9, garantissent une qualit\u00e9 audio et vid\u00e9o claire pour les r\u00e9unions virtuelles.   <\/p>\n\n<h3 class=\"wp-block-heading\"><strong>Options de connectivit\u00e9 compl\u00e8tes<\/strong><\/h3>\n\n<p>\u00c9quip\u00e9 de <strong><a href=\"https:\/\/droix.net\/product-attribute\/wi-fi\/6e\/\" target=\"_blank\" rel=\"noreferrer noopener\">Wi-Fi 6E<\/a><\/strong> et <a href=\"https:\/\/droix.net\/product-attribute\/bluetooth\/5-2\/\" target=\"_blank\" rel=\"noreferrer noopener\">Bluetooth 5.3<\/a>, le Duo assure une connectivit\u00e9 sans fil ultra-rapide et un couplage polyvalent des p\u00e9riph\u00e9riques. Pour les connexions filaires, utilisez le port Ethernet RJ45 pour un acc\u00e8s stable au r\u00e9seau, essentiel pour les t\u00e2ches gourmandes en donn\u00e9es et la collaboration en ligne. Une gamme d&#8217;options d&#8217;E\/S, allant du HDMI 2.1 \u00e0 l&#8217;USB 4 et aux emplacements pour cartes SD, \u00e9largit encore les possibilit\u00e9s de connectivit\u00e9, facilitant la connexion \u00e0 des moniteurs externes, des projecteurs et des p\u00e9riph\u00e9riques suppl\u00e9mentaires.<\/p>\n\n<h3 class=\"wp-block-heading\"><strong>Int\u00e9gration de l&#8217;IA dans Windows 11<\/strong><\/h3>\n\n<p>En tant que PC AI fonctionnant sous <a href=\"https:\/\/droix.net\/product-attribute\/operating-system\/windows-11\/\" target=\"_blank\" rel=\"noreferrer noopener\">Windows 11<\/a>, le Duo exploite des capacit\u00e9s d&#8217;IA avanc\u00e9es pour am\u00e9liorer la productivit\u00e9 et l&#8217;exp\u00e9rience utilisateur. La synergie entre les fonctionnalit\u00e9s d&#8217;IA de <a href=\"https:\/\/droix.net\/product-attribute\/operating-system\/windows-11\/\" target=\"_blank\" rel=\"noreferrer noopener\">Windows 11<\/a> et le processeur <a href=\"https:\/\/droix.net\/product-attribute\/processor-cpu-model\/ryzen-ai-9-hx-370\" target=\"_blank\" data-type=\"link\" data-id=\"https:\/\/droix.net\/product-attribute\/processor-cpu-model\/ryzen-ai-9-hx-370\" rel=\"noreferrer noopener\">AMD Ryzen AI 9 HX 370<\/a> optimise le multit\u00e2che et prend en charge les applications pilot\u00e9es par l&#8217;IA de mani\u00e8re transparente. Profitez de fonctionnalit\u00e9s telles que les Snap Layouts et les Widgets sur les doubles \u00e9crans OLED de 13,3 pouces, pour am\u00e9liorer l&#8217;organisation des flux de travail et garder les informations essentielles accessibles \u00e0 tout moment.<\/p>\n\n<p>En int\u00e9grant une technologie de pointe \u00e0 une conception r\u00e9fl\u00e9chie, le Duo \u00e9tablit une nouvelle norme pour l&#8217;informatique mobile, permettant aux professionnels de travailler efficacement et efficacement dans n&#8217;importe quel environnement. D\u00e9couvrez une polyvalence et des performances in\u00e9gal\u00e9es avec le Duo, votre compagnon ultime pour la productivit\u00e9 en d\u00e9placement. <\/p>\n\n<figure class=\"wp-block-image size-full\"><a href=\"https:\/\/droix.eu\/wp-content\/uploads\/2025\/06\/3-in-1-duo-banner-768x944-1.jpg\"><img loading=\"lazy\" decoding=\"async\" width=\"768\" height=\"944\" src=\"https:\/\/droix.eu\/wp-content\/uploads\/2025\/06\/3-in-1-duo-banner-768x944-1.jpg\" alt=\"Image promotionnelle de l'ordinateur portable GPD DUO pr&#xE9;sentant sa fonctionnalit&#xE9; double &#xE9;cran et ses caract&#xE9;ristiques techniques. L'ordinateur portable offre une technologie &#xE0; double &#xE9;cran de 18 pouces, avec des options de miroir, d'extension ou d'affichage de contenu ind&#xE9;pendant sur l'&#xE9;cran secondaire. Il est &#xE9;quip&#xE9; de processeurs AMD Ryzen AI 9 HX 370 ou Ryzen 7 8840U, d'une m&#xE9;moire vive LPDDR5x allant jusqu'&#xE0; 64 Go et d'options de stockage allant jusqu'&#xE0; 4 To de SSD NVMe Gen 4. L'image met en &#xE9;vidence la polyvalence de l'ordinateur portable, qui permet d'&#xE9;teindre l'&#xE9;cran secondaire et de r&#xE9;gler sa luminosit&#xE9;. Parmi les autres caract&#xE9;ristiques pr&#xE9;sent&#xE9;es, citons le son immersif DTS&#10;Ultra, les appels vid&#xE9;o HD 2,5K d'une clart&#xE9; cristalline et la connectivit&#xE9; aux consoles de jeu et &#xE0; d'autres appareils. Diff&#xE9;rentes configurations du double &#xE9;cran sont pr&#xE9;sent&#xE9;es, ainsi que l'utilisation de l'ordinateur portable dans des sc&#xE9;narios de productivit&#xE9; et de jeu.     \" class=\"wp-image-693283\" srcset=\"https:\/\/droix.eu\/wp-content\/uploads\/2025\/06\/3-in-1-duo-banner-768x944-1.jpg 768w, https:\/\/droix.eu\/wp-content\/uploads\/2025\/06\/3-in-1-duo-banner-768x944-1-244x300.jpg 244w, https:\/\/droix.eu\/wp-content\/uploads\/2025\/06\/3-in-1-duo-banner-768x944-1-441x542.jpg 441w, https:\/\/droix.eu\/wp-content\/uploads\/2025\/06\/3-in-1-duo-banner-768x944-1-150x184.jpg 150w\" sizes=\"(max-width: 768px) 100vw, 768px\" \/><\/a><\/figure>\n","protected":false},"excerpt":{"rendered":"<ul>\n<li>\u00c9cran <strong>AMOLED<\/strong> de 13,3 pouces \u00e0 double \u00e9cran, compatible avec le stylet capacitif actif  <\/li>\n<li>AMD <strong>Ryzen\u2122 AI 9 HX 370<\/strong> \/ <strong>Ryzen\u2122 7 8840U<\/strong><\/li>\n<li>AMD Radeon <strong>890M<\/strong> \/ <strong>780M<\/strong> \/12 CUs 2900 \/ 2700 Mhz<\/li>\n<li>jusqu&#8217;\u00e0<strong> 64 Go LPDDR5X @ 7500 MT\/s<\/strong><\/li>\n<li>Jusqu&#8217;\u00e0 <strong>8 To (4 To+4 To)<\/strong> PCI-E 4.0 NVMe SSD 2280 \u00e0 <strong>haut d\u00e9bit<\/strong> <\/li>\n<\/ul>\n<p><a href=\"https:\/\/droix.eu\/wp-content\/uploads\/2024\/06\/DUO-GIFTS-droix.jpg\"><img loading=\"lazy\" decoding=\"async\" src=\"https:\/\/droix.eu\/wp-content\/uploads\/2024\/06\/DUO-GIFTS-droix.jpg\" alt=\"Banni\u00e8re promotionnelle pour un cadeau gratuit : un \u00e9tui de protection pour le GPD DUO. La banni\u00e8re pr\u00e9sente un \u00e9tui de protection noir avec double poign\u00e9e et bandouli\u00e8re r\u00e9glable, avec le texte suivant : \"CADEAUX GRATUITS - ETUDE DE PROTECTION - AJOUT\u00c9 AUTOMATIQUEMENT AU CART\".\" width=\"550\" height=\"140\" class=\"alignnone size-full wp-image-188374\" srcset=\"https:\/\/droix.eu\/wp-content\/uploads\/2024\/06\/DUO-GIFTS-droix.jpg 550w, https:\/\/droix.eu\/wp-content\/uploads\/2024\/06\/DUO-GIFTS-droix-300x76.jpg 300w, https:\/\/droix.eu\/wp-content\/uploads\/2024\/06\/DUO-GIFTS-droix-441x112.jpg 441w\" sizes=\"(max-width: 550px) 100vw, 550px\" \/><\/a><\/p>\n[cg_accordion title=\"Garantie de 2 ans sur tous les produits GPD\"]<\/p>\n<p>Tous les produits GPD sont assortis d&#8217;une garantie de 2 ans et b\u00e9n\u00e9ficient de plus de 13 ans de service de confiance. Rejoignez notre communaut\u00e9 de plus de 500 000 clients satisfaits et faites confiance \u00e0 votre achat. [\/cg_accordion]\n[cg_accordion title=\"Assurance de la qualit\u00e9 et tests pr\u00e9alables \u00e0 l'exp\u00e9dition\"]<\/p>\n<p>Garantir la satisfaction du client au plus haut niveau : Chaque appareil est soumis \u00e0 des tests rigoureux et \u00e0 un contr\u00f4le de qualit\u00e9 en plusieurs points avant d&#8217;\u00eatre exp\u00e9di\u00e9. Notre \u00e9quipe d\u00e9di\u00e9e v\u00e9rifie les performances, la fonctionnalit\u00e9 et l&#8217;int\u00e9grit\u00e9 des composants pour garantir que votre appareil GPD est en parfait \u00e9tat de fonctionnement \u00e0 l&#8217;arriv\u00e9e, vous apportant ainsi confiance et tranquillit\u00e9 d&#8217;esprit. [\/cg_accordion]\n[cg_accordion title=\"Options de paiement flexibles et s\u00e9curis\u00e9es\"]<\/p>\n<p>Profitez de la tranquillit\u00e9 d&#8217;esprit gr\u00e2ce \u00e0 notre syst\u00e8me de paiement s\u00e9curis\u00e9. Nous prenons en charge tous les principaux modes de paiement, y compris les cartes de d\u00e9bit\/cr\u00e9dit, PayPal, Apple Pay, Google Pay, Klarna, Afterpay et Affirm, ce qui vous donne la libert\u00e9 de payer \u00e0 votre guise, que ce soit d&#8217;un seul coup ou en plusieurs fois. [\/cg_accordion]\n[cg_accordion title=\"Imp\u00f4ts\"]<\/p>\n<p>Les prix incluent la TVA applicable, qui peut aller jusqu&#8217;\u00e0 25 % selon votre pays. Le montant exact est indiqu\u00e9 lors de la commande afin de garantir une totale transparence. [\/cg_accordion]\n[cg_accordion title=\"Exp\u00e9dition et retours\"]<\/p>\n<p>Nous travaillons avec plus de 10 partenaires d&#8217;exp\u00e9dition de confiance pour garantir que votre commande arrive rapidement, en toute s\u00e9curit\u00e9 et de mani\u00e8re fiable.<\/p>\n<p>Nous utilisons le service d&#8217;exp\u00e9dition express DDP (Delivered Duty Paid). Cela signifie que : <\/p>\n<li>Tous les droits de douane et taxes sont d\u00e9j\u00e0 inclus dans le prix du produit indiqu\u00e9.<\/li>\n<li>Vous n&#8217;aurez pas de frais surprises \u00e0 la livraison.<\/li>\n<li>Dans les rares cas de retard aux douanes, notre \u00e9quipe s&#8217;occupera de la proc\u00e9dure de d\u00e9douanement pour vous afin d&#8217;assurer une livraison sans probl\u00e8me.<\/li>\n<p>Informations importantes concernant les retours :<\/p>\n<li>Si vous retournez votre commande ou demandez un remboursement, veuillez noter que les taxes et droits pay\u00e9s en votre nom selon les conditions DDP ne sont pas remboursables.<\/li>\n<p>Veuillez vous r\u00e9f\u00e9rer \u00e0 nos <a href=\"https:\/\/droix.eu\/fr\/modalites-et-conditions\/\" target=\"_blank\" rel=\"nofollow noopener\">conditions g\u00e9n\u00e9rales<\/a> pour plus d&#8217;informations.\n<\/ul>\n<p>[\/cg_accordion]\n[cg_accordion title=\"Soutien \u00e0 la client\u00e8le\"]<\/p>\n<p>Vous avez une question ? Il suffit d&#8217;un petit texto pour que votre probl\u00e8me soit r\u00e9solu ! [\/cg_accordion]\n[cg_accordion title=\"Le paquet comprend\"]<\/p>\n<ul>\n<li>1x GPD DUO<\/li>\n<li>1x fiche d&#8217;alimentation (UE\/US)<\/li>\n<li>1x C\u00e2ble USB Type-C<\/li>\n<li>1x Manuel de l&#8217;utilisateur<\/li>\n<\/ul>\n<p>[\/cg_accordion]\n","protected":false},"featured_media":573273,"template":"","meta":{"_acf_changed":false},"product_brand":[],"product_cat":[24813,24441,11371],"product_tag":[],"woo-feed-brand":[],"key-features":[],"class_list":{"0":"post-573649","1":"product","2":"type-product","3":"status-publish","4":"has-post-thumbnail","6":"product_cat-ordinateur-portable-a-double-ecran","7":"product_cat-ordinateur-portable-tablette","8":"product_cat-ordinateurs-portables","9":"product_shipping_class-premium","10":"pa_aspect-ratio-4810","11":"pa_bluetooth-5-3-fr","12":"pa_brands-amd-fr","13":"pa_brands-droix-fr","14":"pa_brands-gpd-fr","15":"pa_contrast-ratio-10000001-fr","16":"pa_display-type-amoled","17":"pa_graphics-gpu-brand-amd-fr","18":"pa_graphics-gpu-memory-partagee-avec-la-capacite-de-la-ram","19":"pa_i-o-usb-1x-usb-4-0-type-c-fr","20":"pa_i-o-usb-1x-usb-type-c-3-2-fr","21":"pa_i-o-usb-2x-usb-3-2-gen-2-type-a-fr","22":"pa_i-o-video-1x-hdmi-2-1-fr","23":"pa_i-o-video-1x-oculink-fr","24":"pa_i-o-video-1x-via-usb-4-0-type-c-40-go-s","25":"pa_memory-ram-technology-lpddr5x-fr","26":"pa_operating-system-windows-11-home-fr","27":"pa_processor-cpu-brand-amd-fr","28":"pa_processor-cpu-model-amd-ryzen-7-8840u","29":"pa_processor-cpu-model-ryzen-ai-9-hx-370","30":"pa_refresh-rate-60hz-fr","31":"pa_storage-expansion-1x-fente-pour-carte-sd","32":"pa_storage-technology-nvme-pci-e-gen-4-0-fr","33":"pa_wi-fi-6e-fr","35":"first","36":"instock","37":"taxable","38":"shipping-taxable","39":"purchasable","40":"product-type-variable","41":"has-default-attributes"},"acf":[],"aioseo_notices":[],"aioseo_head":"\n\t\t<!-- All in One SEO Pro 4.9.6.2 - aioseo.com -->\n\t<meta name=\"description\" content=\"\u00c9cran AMOLED de 13,3 pouces \u00e0 double \u00e9cran, compatible avec le stylet capacitif actif AMD Ryzen\u2122 AI 9 HX 370 \/ Ryzen\u2122 7 8840U AMD Radeon 890M \/ 780M \/12 CUs 2900 \/ 2700 Mhz jusqu&#039;\u00e0 64 Go LPDDR5X @ 7500 MT\/s Jusqu&#039;\u00e0 8 To (4 To+4 To) PCI-E 4.0 NVMe SSD 2280 \u00e0 haut d\u00e9bit\" \/>\n\t<meta name=\"robots\" content=\"max-image-preview:large\" \/>\n\t<link rel=\"canonical\" href=\"https:\/\/droix.eu\/fr\/product\/gpd-duo\/\" \/>\n\t<meta name=\"generator\" content=\"All in One SEO Pro (AIOSEO) 4.9.6.2\" \/>\n\t\t<meta property=\"og:locale\" content=\"fr_FR\" \/>\n\t\t<meta property=\"og:site_name\" content=\"DROIX EU - Get the latest Mini PCs, Ultrabook, PC Gaming Handhelds and more!\" \/>\n\t\t<meta property=\"og:type\" content=\"article\" \/>\n\t\t<meta property=\"og:title\" content=\"GPD DUO - DROIX EU\" \/>\n\t\t<meta property=\"og:description\" content=\"\u00c9cran AMOLED de 13,3 pouces \u00e0 double \u00e9cran, compatible avec le stylet capacitif actif AMD Ryzen\u2122 AI 9 HX 370 \/ Ryzen\u2122 7 8840U AMD Radeon 890M \/ 780M \/12 CUs 2900 \/ 2700 Mhz jusqu&#039;\u00e0 64 Go LPDDR5X @ 7500 MT\/s Jusqu&#039;\u00e0 8 To (4 To+4 To) PCI-E 4.0 NVMe SSD 2280 \u00e0 haut d\u00e9bit\" \/>\n\t\t<meta property=\"og:url\" content=\"https:\/\/droix.eu\/fr\/product\/gpd-duo\/\" \/>\n\t\t<meta property=\"og:image\" content=\"https:\/\/droix.eu\/wp-content\/uploads\/2024\/06\/droix-v2-light-logo.png\" \/>\n\t\t<meta property=\"og:image:secure_url\" content=\"https:\/\/droix.eu\/wp-content\/uploads\/2024\/06\/droix-v2-light-logo.png\" \/>\n\t\t<meta property=\"og:image:width\" content=\"380\" \/>\n\t\t<meta property=\"og:image:height\" content=\"118\" \/>\n\t\t<meta property=\"article:published_time\" content=\"2025-06-04T10:47:38+00:00\" \/>\n\t\t<meta property=\"article:modified_time\" content=\"2026-01-19T14:36:48+00:00\" \/>\n\t\t<meta property=\"article:publisher\" content=\"https:\/\/www.facebook.com\/DroiX.Store\" \/>\n\t\t<meta name=\"twitter:card\" content=\"summary_large_image\" \/>\n\t\t<meta name=\"twitter:site\" content=\"@DroiX_Store\" \/>\n\t\t<meta name=\"twitter:title\" content=\"GPD DUO - DROIX EU\" \/>\n\t\t<meta name=\"twitter:description\" content=\"\u00c9cran AMOLED de 13,3 pouces \u00e0 double \u00e9cran, compatible avec le stylet capacitif actif AMD Ryzen\u2122 AI 9 HX 370 \/ Ryzen\u2122 7 8840U AMD Radeon 890M \/ 780M \/12 CUs 2900 \/ 2700 Mhz jusqu&#039;\u00e0 64 Go LPDDR5X @ 7500 MT\/s Jusqu&#039;\u00e0 8 To (4 To+4 To) PCI-E 4.0 NVMe SSD 2280 \u00e0 haut d\u00e9bit\" \/>\n\t\t<meta name=\"twitter:image\" content=\"https:\/\/droix.eu\/wp-content\/uploads\/2024\/06\/droix-v2-light-logo.png\" \/>\n\t\t<script type=\"application\/ld+json\" class=\"aioseo-schema\">\n\t\t\t{\"@context\":\"https:\\\/\\\/schema.org\",\"@graph\":[{\"@type\":\"BreadcrumbList\",\"@id\":\"https:\\\/\\\/droix.eu\\\/fr\\\/product\\\/gpd-duo\\\/#breadcrumblist\",\"itemListElement\":[{\"@type\":\"ListItem\",\"@id\":\"https:\\\/\\\/droix.eu\\\/fr\\\/#listItem\",\"position\":1,\"name\":\"Home\",\"item\":\"https:\\\/\\\/droix.eu\\\/fr\\\/\",\"nextItem\":{\"@type\":\"ListItem\",\"@id\":\"https:\\\/\\\/droix.eu\\\/fr\\\/product-category\\\/ordinateurs-portables\\\/#listItem\",\"name\":\"Ordinateurs portables\"}},{\"@type\":\"ListItem\",\"@id\":\"https:\\\/\\\/droix.eu\\\/fr\\\/product-category\\\/ordinateurs-portables\\\/#listItem\",\"position\":2,\"name\":\"Ordinateurs portables\",\"item\":\"https:\\\/\\\/droix.eu\\\/fr\\\/product-category\\\/ordinateurs-portables\\\/\",\"nextItem\":{\"@type\":\"ListItem\",\"@id\":\"https:\\\/\\\/droix.eu\\\/fr\\\/product-category\\\/ordinateurs-portables\\\/ordinateur-portable-tablette\\\/#listItem\",\"name\":\"Ordinateur portable tablette\"},\"previousItem\":{\"@type\":\"ListItem\",\"@id\":\"https:\\\/\\\/droix.eu\\\/fr\\\/#listItem\",\"name\":\"Home\"}},{\"@type\":\"ListItem\",\"@id\":\"https:\\\/\\\/droix.eu\\\/fr\\\/product-category\\\/ordinateurs-portables\\\/ordinateur-portable-tablette\\\/#listItem\",\"position\":3,\"name\":\"Ordinateur portable tablette\",\"item\":\"https:\\\/\\\/droix.eu\\\/fr\\\/product-category\\\/ordinateurs-portables\\\/ordinateur-portable-tablette\\\/\",\"nextItem\":{\"@type\":\"ListItem\",\"@id\":\"https:\\\/\\\/droix.eu\\\/fr\\\/product\\\/gpd-duo\\\/#listItem\",\"name\":\"GPD DUO\"},\"previousItem\":{\"@type\":\"ListItem\",\"@id\":\"https:\\\/\\\/droix.eu\\\/fr\\\/product-category\\\/ordinateurs-portables\\\/#listItem\",\"name\":\"Ordinateurs portables\"}},{\"@type\":\"ListItem\",\"@id\":\"https:\\\/\\\/droix.eu\\\/fr\\\/product\\\/gpd-duo\\\/#listItem\",\"position\":4,\"name\":\"GPD DUO\",\"previousItem\":{\"@type\":\"ListItem\",\"@id\":\"https:\\\/\\\/droix.eu\\\/fr\\\/product-category\\\/ordinateurs-portables\\\/ordinateur-portable-tablette\\\/#listItem\",\"name\":\"Ordinateur portable tablette\"}}]},{\"@type\":\"Organization\",\"@id\":\"https:\\\/\\\/droix.eu\\\/fr\\\/#organization\",\"name\":\"DroiX \\u2013 Trusted EU Tech Retailer with 12+ Years Experience\",\"description\":\"DroiX is a leading European technology retailer with over 12 years of experience, offering quality mini PCs, handheld gaming consoles, and tech accessories. We provide hassle-free EU delivery with all taxes included, ensuring a smooth and reliable shopping experience for our customers across Europe.\",\"url\":\"https:\\\/\\\/droix.eu\\\/fr\\\/\",\"logo\":{\"@type\":\"ImageObject\",\"url\":\"https:\\\/\\\/droix.eu\\\/wp-content\\\/uploads\\\/2024\\\/06\\\/droix-v2-light-logo.png\",\"@id\":\"https:\\\/\\\/droix.eu\\\/fr\\\/product\\\/gpd-duo\\\/#organizationLogo\",\"width\":380,\"height\":118},\"image\":{\"@id\":\"https:\\\/\\\/droix.eu\\\/fr\\\/product\\\/gpd-duo\\\/#organizationLogo\"},\"sameAs\":[\"https:\\\/\\\/www.facebook.com\\\/DroiX.Store\",\"https:\\\/\\\/twitter.com\\\/DroiX_Store\",\"https:\\\/\\\/www.instagram.com\\\/droix.store\\\/\",\"https:\\\/\\\/www.tiktok.com\\\/@droix.store\",\"https:\\\/\\\/www.youtube.com\\\/c\\\/DroiX_Store\",\"https:\\\/\\\/uk.linkedin.com\\\/company\\\/droix\"]},{\"@type\":\"ProductGroup\",\"@id\":\"https:\\\/\\\/droix.eu\\\/fr\\\/product\\\/gpd-duo\\\/#wooCommerceProduct\",\"name\":\"GPD DUO\",\"description\":\"\\u00c9cran AMOLED de 13,3 pouces \\u00e0 double \\u00e9cran, compatible avec le stylet capacitif actif  \\nAMD Ryzen\\u2122 AI 9 HX 370 \\\/ Ryzen\\u2122 7 8840U\\nAMD Radeon 890M \\\/ 780M \\\/12 CUs 2900 \\\/ 2700 Mhz\\njusqu'\\u00e0 64 Go LPDDR5X @ 7500 MT\\\/s\\nJusqu'\\u00e0 8 To (4 To+4 To) PCI-E 4.0 NVMe SSD 2280 \\u00e0 haut d\\u00e9bit\",\"url\":\"https:\\\/\\\/droix.eu\\\/fr\\\/product\\\/gpd-duo\\\/\",\"image\":{\"@type\":\"ImageObject\",\"url\":\"https:\\\/\\\/droix.eu\\\/wp-content\\\/uploads\\\/2025\\\/06\\\/GPD-DUO-LISTING-INFOGRAPHICS-01-GENERIC1.png\",\"@id\":\"https:\\\/\\\/droix.eu\\\/fr\\\/product\\\/gpd-duo\\\/#productImage\",\"width\":1500,\"height\":1500,\"caption\":\"Image de l'ordinateur portable GPD DUO, pr\\u00e9sentant son design 3-en-1 avec deux \\u00e9crans tactiles de 13,3 pouces, chacun avec une r\\u00e9solution OLED 2,8K. L'ordinateur portable s'affiche dans diff\\u00e9rents modes : tablette, tente et configuration d'ordinateur portable \\u00e0 double \\u00e9cran. L'\\u00e9cran secondaire prend en charge l'entr\\u00e9e vid\\u00e9o via USB-C. Les sp\\u00e9cifications mises en avant incluent AMD Ryzen 7 8840U ou Ryzen AI, jusqu'\\u00e0 64 Go de RAM LPDDR5x, et jusqu'\\u00e0 8 To de stockage SSD PCIe 4.0 NVMe.\"},\"productGroupID\":573649,\"hasVariant\":[{\"@type\":\"Product\",\"@id\":\"https:\\\/\\\/droix.eu\\\/fr\\\/product\\\/gpd-duo\\\/#wooCommerceProduct\",\"name\":\"GPD DUO - new, ryzen-ai-9-hx-370, 64gb-lpddr5x-4tb-nvme-pcie-4-0-2280\",\"description\":\"\\u00c9cran AMOLED de 13,3 pouces \\u00e0 double \\u00e9cran, compatible avec le stylet capacitif actif  \\nAMD Ryzen\\u2122 AI 9 HX 370 \\\/ Ryzen\\u2122 7 8840U\\nAMD Radeon 890M \\\/ 780M \\\/12 CUs 2900 \\\/ 2700 Mhz\\njusqu'\\u00e0 64 Go LPDDR5X @ 7500 MT\\\/s\\nJusqu'\\u00e0 8 To (4 To+4 To) PCI-E 4.0 NVMe SSD 2280 \\u00e0 haut d\\u00e9bit\",\"url\":\"https:\\\/\\\/droix.eu\\\/fr\\\/product\\\/gpd-duo\\\/\",\"sku\":\"GPD-DUO-AI-9-HX-370-64GB_RAM_4TB_SSD\",\"gtin\":\"5060763679115\",\"image\":{\"@type\":\"ImageObject\",\"url\":\"https:\\\/\\\/droix.eu\\\/wp-content\\\/uploads\\\/2024\\\/09\\\/GPD-DUO-LISTING-INFOGRAPHICS-01-64-4.png\",\"@id\":\"https:\\\/\\\/droix.eu\\\/fr\\\/product\\\/gpd-duo\\\/#productImage\",\"width\":1500,\"height\":1500},\"offers\":{\"@type\":\"Offer\",\"url\":\"https:\\\/\\\/droix.eu\\\/fr\\\/product\\\/gpd-duo\\\/#wooCommerceOffer\",\"price\":\"2524.95\",\"priceCurrency\":\"EUR\",\"category\":\"Ordinateur portable \\u00e0 double \\u00e9cran\",\"availability\":\"https:\\\/\\\/schema.org\\\/OutOfStock\",\"priceSpecification\":{\"@type\":\"PriceSpecification\",\"price\":2524.95,\"priceCurrency\":\"EUR\",\"valueAddedTaxIncluded\":\"true\"}}},{\"@type\":\"Product\",\"@id\":\"https:\\\/\\\/droix.eu\\\/fr\\\/product\\\/gpd-duo\\\/#wooCommerceProduct\",\"name\":\"GPD DUO - new, ryzen-ai-9-hx-370, 64gb-lpddr5x-8tb-nvme-pcie-4-0-2280\",\"description\":\"\\u00c9cran AMOLED de 13,3 pouces \\u00e0 double \\u00e9cran, compatible avec le stylet capacitif actif  \\nAMD Ryzen\\u2122 AI 9 HX 370 \\\/ Ryzen\\u2122 7 8840U\\nAMD Radeon 890M \\\/ 780M \\\/12 CUs 2900 \\\/ 2700 Mhz\\njusqu'\\u00e0 64 Go LPDDR5X @ 7500 MT\\\/s\\nJusqu'\\u00e0 8 To (4 To+4 To) PCI-E 4.0 NVMe SSD 2280 \\u00e0 haut d\\u00e9bit\",\"url\":\"https:\\\/\\\/droix.eu\\\/fr\\\/product\\\/gpd-duo\\\/\",\"sku\":\"GPD-DUO-AI-9-HX-370-64GB_RAM_8TB_SSD\",\"gtin\":\"5060763679801\",\"image\":{\"@type\":\"ImageObject\",\"url\":\"https:\\\/\\\/droix.eu\\\/wp-content\\\/uploads\\\/2024\\\/09\\\/GPD-DUO-LISTING-INFOGRAPHICS-01-64-8.png\",\"@id\":\"https:\\\/\\\/droix.eu\\\/fr\\\/product\\\/gpd-duo\\\/#productImage\",\"width\":1500,\"height\":1500},\"offers\":{\"@type\":\"Offer\",\"url\":\"https:\\\/\\\/droix.eu\\\/fr\\\/product\\\/gpd-duo\\\/#wooCommerceOffer\",\"price\":\"2511.95\",\"priceCurrency\":\"EUR\",\"category\":\"Ordinateur portable \\u00e0 double \\u00e9cran\",\"availability\":\"https:\\\/\\\/schema.org\\\/OutOfStock\",\"priceSpecification\":{\"@type\":\"PriceSpecification\",\"price\":2511.95,\"priceCurrency\":\"EUR\",\"valueAddedTaxIncluded\":\"true\"}}},{\"@type\":\"Product\",\"@id\":\"https:\\\/\\\/droix.eu\\\/fr\\\/product\\\/gpd-duo\\\/#wooCommerceProduct\",\"name\":\"GPD DUO - new, ryzen-ai-9-hx-370, 64gb-lpddr5x-2tb-nvme-pcie-4-0-2280\",\"description\":\"\\u00c9cran AMOLED de 13,3 pouces \\u00e0 double \\u00e9cran, compatible avec le stylet capacitif actif  \\nAMD Ryzen\\u2122 AI 9 HX 370 \\\/ Ryzen\\u2122 7 8840U\\nAMD Radeon 890M \\\/ 780M \\\/12 CUs 2900 \\\/ 2700 Mhz\\njusqu'\\u00e0 64 Go LPDDR5X @ 7500 MT\\\/s\\nJusqu'\\u00e0 8 To (4 To+4 To) PCI-E 4.0 NVMe SSD 2280 \\u00e0 haut d\\u00e9bit\",\"url\":\"https:\\\/\\\/droix.eu\\\/fr\\\/product\\\/gpd-duo\\\/\",\"sku\":\"GPD-DUO-AI-9-HX-370-64GB_RAM_2TB_SSD\",\"gtin\":\"5060763679788\",\"image\":{\"@type\":\"ImageObject\",\"url\":\"https:\\\/\\\/droix.eu\\\/wp-content\\\/uploads\\\/2024\\\/09\\\/GPD-DUO-LISTING-INFOGRAPHICS-01-64-2.png\",\"@id\":\"https:\\\/\\\/droix.eu\\\/fr\\\/product\\\/gpd-duo\\\/#productImage\",\"width\":1500,\"height\":1500},\"offers\":{\"@type\":\"Offer\",\"url\":\"https:\\\/\\\/droix.eu\\\/fr\\\/product\\\/gpd-duo\\\/#wooCommerceOffer\",\"price\":\"1964.95\",\"priceCurrency\":\"EUR\",\"category\":\"Ordinateur portable \\u00e0 double \\u00e9cran\",\"availability\":\"https:\\\/\\\/schema.org\\\/OutOfStock\",\"priceSpecification\":{\"@type\":\"PriceSpecification\",\"price\":1964.95,\"priceCurrency\":\"EUR\",\"valueAddedTaxIncluded\":\"true\"}}},{\"@type\":\"Product\",\"@id\":\"https:\\\/\\\/droix.eu\\\/fr\\\/product\\\/gpd-duo\\\/#wooCommerceProduct\",\"name\":\"GPD DUO - new, ryzen-ai-9-hx-370, 32gb-lpddr5x-4tb-nvme-pcie-4-0-2280\",\"description\":\"\\u00c9cran AMOLED de 13,3 pouces \\u00e0 double \\u00e9cran, compatible avec le stylet capacitif actif  \\nAMD Ryzen\\u2122 AI 9 HX 370 \\\/ Ryzen\\u2122 7 8840U\\nAMD Radeon 890M \\\/ 780M \\\/12 CUs 2900 \\\/ 2700 Mhz\\njusqu'\\u00e0 64 Go LPDDR5X @ 7500 MT\\\/s\\nJusqu'\\u00e0 8 To (4 To+4 To) PCI-E 4.0 NVMe SSD 2280 \\u00e0 haut d\\u00e9bit\",\"url\":\"https:\\\/\\\/droix.eu\\\/fr\\\/product\\\/gpd-duo\\\/\",\"sku\":\"GPD-DUO-AI-9-HX-370-32GB_RAM_4TB_SSD\",\"gtin\":\"5061077630946\",\"image\":{\"@type\":\"ImageObject\",\"url\":\"https:\\\/\\\/droix.eu\\\/wp-content\\\/uploads\\\/2025\\\/01\\\/GPD-DUO-LISTING-INFOGRAPHICS-01-32-4.png\",\"@id\":\"https:\\\/\\\/droix.eu\\\/fr\\\/product\\\/gpd-duo\\\/#productImage\",\"width\":1500,\"height\":1500},\"offers\":{\"@type\":\"Offer\",\"url\":\"https:\\\/\\\/droix.eu\\\/fr\\\/product\\\/gpd-duo\\\/#wooCommerceOffer\",\"price\":\"2439.95\",\"priceCurrency\":\"EUR\",\"category\":\"Ordinateur portable \\u00e0 double \\u00e9cran\",\"availability\":\"https:\\\/\\\/schema.org\\\/InStock\",\"priceSpecification\":{\"@type\":\"PriceSpecification\",\"price\":2439.95,\"priceCurrency\":\"EUR\",\"valueAddedTaxIncluded\":\"true\"}}},{\"@type\":\"Product\",\"@id\":\"https:\\\/\\\/droix.eu\\\/fr\\\/product\\\/gpd-duo\\\/#wooCommerceProduct\",\"name\":\"GPD DUO - new, ryzen-ai-9-hx-370, 32gb-lpddr5x-2tb-nvme-pcie-4-0-2280\",\"description\":\"\\u00c9cran AMOLED de 13,3 pouces \\u00e0 double \\u00e9cran, compatible avec le stylet capacitif actif  \\nAMD Ryzen\\u2122 AI 9 HX 370 \\\/ Ryzen\\u2122 7 8840U\\nAMD Radeon 890M \\\/ 780M \\\/12 CUs 2900 \\\/ 2700 Mhz\\njusqu'\\u00e0 64 Go LPDDR5X @ 7500 MT\\\/s\\nJusqu'\\u00e0 8 To (4 To+4 To) PCI-E 4.0 NVMe SSD 2280 \\u00e0 haut d\\u00e9bit\",\"url\":\"https:\\\/\\\/droix.eu\\\/fr\\\/product\\\/gpd-duo\\\/\",\"sku\":\"GPD-DUO-AI-9-HX-370-32GB_RAM_2TB_SSD\",\"gtin\":\"5060763679368\",\"image\":{\"@type\":\"ImageObject\",\"url\":\"https:\\\/\\\/droix.eu\\\/wp-content\\\/uploads\\\/2024\\\/09\\\/GPD-DUO-LISTING-INFOGRAPHICS-01-32-2.png\",\"@id\":\"https:\\\/\\\/droix.eu\\\/fr\\\/product\\\/gpd-duo\\\/#productImage\",\"width\":1500,\"height\":1500},\"offers\":{\"@type\":\"Offer\",\"url\":\"https:\\\/\\\/droix.eu\\\/fr\\\/product\\\/gpd-duo\\\/#wooCommerceOffer\",\"price\":\"1878.95\",\"priceCurrency\":\"EUR\",\"category\":\"Ordinateur portable \\u00e0 double \\u00e9cran\",\"availability\":\"https:\\\/\\\/schema.org\\\/InStock\",\"priceSpecification\":{\"@type\":\"PriceSpecification\",\"price\":1878.95,\"priceCurrency\":\"EUR\",\"valueAddedTaxIncluded\":\"true\"}}},{\"@type\":\"Product\",\"@id\":\"https:\\\/\\\/droix.eu\\\/fr\\\/product\\\/gpd-duo\\\/#wooCommerceProduct\",\"name\":\"GPD DUO - new, ryzen-ai-9-hx-370, 32gb-lpddr5x-1tb-nvme-pcie-4-0-2280\",\"description\":\"\\u00c9cran AMOLED de 13,3 pouces \\u00e0 double \\u00e9cran, compatible avec le stylet capacitif actif  \\nAMD Ryzen\\u2122 AI 9 HX 370 \\\/ Ryzen\\u2122 7 8840U\\nAMD Radeon 890M \\\/ 780M \\\/12 CUs 2900 \\\/ 2700 Mhz\\njusqu'\\u00e0 64 Go LPDDR5X @ 7500 MT\\\/s\\nJusqu'\\u00e0 8 To (4 To+4 To) PCI-E 4.0 NVMe SSD 2280 \\u00e0 haut d\\u00e9bit\",\"url\":\"https:\\\/\\\/droix.eu\\\/fr\\\/product\\\/gpd-duo\\\/\",\"sku\":\"GPD-DUO-AI-9-HX-370-32GB_RAM_1TB_SSD\",\"gtin\":\"5060763679771\",\"image\":{\"@type\":\"ImageObject\",\"url\":\"https:\\\/\\\/droix.eu\\\/wp-content\\\/uploads\\\/2024\\\/09\\\/GPD-DUO-LISTING-INFOGRAPHICS-01-32-1.png\",\"@id\":\"https:\\\/\\\/droix.eu\\\/fr\\\/product\\\/gpd-duo\\\/#productImage\",\"width\":1500,\"height\":1500},\"offers\":{\"@type\":\"Offer\",\"url\":\"https:\\\/\\\/droix.eu\\\/fr\\\/product\\\/gpd-duo\\\/#wooCommerceOffer\",\"price\":\"1775.95\",\"priceCurrency\":\"EUR\",\"category\":\"Ordinateur portable \\u00e0 double \\u00e9cran\",\"availability\":\"https:\\\/\\\/schema.org\\\/InStock\",\"priceSpecification\":{\"@type\":\"PriceSpecification\",\"price\":1775.95,\"priceCurrency\":\"EUR\",\"valueAddedTaxIncluded\":\"true\"}}}]},{\"@type\":\"WebPage\",\"@id\":\"https:\\\/\\\/droix.eu\\\/fr\\\/product\\\/gpd-duo\\\/#webpage\",\"url\":\"https:\\\/\\\/droix.eu\\\/fr\\\/product\\\/gpd-duo\\\/\",\"name\":\"GPD DUO - DROIX EU\",\"description\":\"\\u00c9cran AMOLED de 13,3 pouces \\u00e0 double \\u00e9cran, compatible avec le stylet capacitif actif AMD Ryzen\\u2122 AI 9 HX 370 \\\/ Ryzen\\u2122 7 8840U AMD Radeon 890M \\\/ 780M \\\/12 CUs 2900 \\\/ 2700 Mhz jusqu'\\u00e0 64 Go LPDDR5X @ 7500 MT\\\/s Jusqu'\\u00e0 8 To (4 To+4 To) PCI-E 4.0 NVMe SSD 2280 \\u00e0 haut d\\u00e9bit\",\"inLanguage\":\"fr-FR\",\"isPartOf\":{\"@id\":\"https:\\\/\\\/droix.eu\\\/fr\\\/#website\"},\"breadcrumb\":{\"@id\":\"https:\\\/\\\/droix.eu\\\/fr\\\/product\\\/gpd-duo\\\/#breadcrumblist\"},\"image\":{\"@type\":\"ImageObject\",\"url\":\"https:\\\/\\\/droix.eu\\\/wp-content\\\/uploads\\\/2025\\\/06\\\/GPD-DUO-LISTING-INFOGRAPHICS-01-GENERIC1.png\",\"@id\":\"https:\\\/\\\/droix.eu\\\/fr\\\/product\\\/gpd-duo\\\/#mainImage\",\"width\":1500,\"height\":1500,\"caption\":\"Image de l'ordinateur portable GPD DUO, pr\\u00e9sentant son design 3-en-1 avec deux \\u00e9crans tactiles de 13,3 pouces, chacun avec une r\\u00e9solution OLED 2,8K. L'ordinateur portable s'affiche dans diff\\u00e9rents modes : tablette, tente et configuration d'ordinateur portable \\u00e0 double \\u00e9cran. L'\\u00e9cran secondaire prend en charge l'entr\\u00e9e vid\\u00e9o via USB-C. Les sp\\u00e9cifications mises en avant incluent AMD Ryzen 7 8840U ou Ryzen AI, jusqu'\\u00e0 64 Go de RAM LPDDR5x, et jusqu'\\u00e0 8 To de stockage SSD PCIe 4.0 NVMe.\"},\"primaryImageOfPage\":{\"@id\":\"https:\\\/\\\/droix.eu\\\/fr\\\/product\\\/gpd-duo\\\/#mainImage\"},\"datePublished\":\"2025-06-04T11:47:38+01:00\",\"dateModified\":\"2026-01-19T14:36:48+00:00\"},{\"@type\":\"WebSite\",\"@id\":\"https:\\\/\\\/droix.eu\\\/fr\\\/#website\",\"url\":\"https:\\\/\\\/droix.eu\\\/fr\\\/\",\"name\":\"DROIX EU\",\"description\":\"Get the latest Mini PCs, Ultrabook, PC Gaming Handhelds and more!\",\"inLanguage\":\"fr-FR\",\"publisher\":{\"@id\":\"https:\\\/\\\/droix.eu\\\/fr\\\/#organization\"}}]}\n\t\t<\/script>\n\t\t<!-- All in One SEO Pro -->\r\n\t\t<title>GPD DUO - DROIX EU<\/title>\n\n","aioseo_head_json":{"title":"GPD DUO - DROIX EU","description":"\u00c9cran AMOLED de 13,3 pouces \u00e0 double \u00e9cran, compatible avec le stylet capacitif actif AMD Ryzen\u2122 AI 9 HX 370 \/ Ryzen\u2122 7 8840U AMD Radeon 890M \/ 780M \/12 CUs 2900 \/ 2700 Mhz jusqu'\u00e0 64 Go LPDDR5X @ 7500 MT\/s Jusqu'\u00e0 8 To (4 To+4 To) PCI-E 4.0 NVMe SSD 2280 \u00e0 haut d\u00e9bit","canonical_url":"https:\/\/droix.eu\/fr\/product\/gpd-duo\/","robots":"max-image-preview:large","keywords":"","webmasterTools":{"miscellaneous":""},"schema":{"@context":"https:\/\/schema.org","@graph":[{"@type":"BreadcrumbList","@id":"https:\/\/droix.eu\/fr\/product\/gpd-duo\/#breadcrumblist","itemListElement":[{"@type":"ListItem","@id":"https:\/\/droix.eu\/fr\/#listItem","position":1,"name":"Home","item":"https:\/\/droix.eu\/fr\/","nextItem":{"@type":"ListItem","@id":"https:\/\/droix.eu\/fr\/product-category\/ordinateurs-portables\/#listItem","name":"Ordinateurs portables"}},{"@type":"ListItem","@id":"https:\/\/droix.eu\/fr\/product-category\/ordinateurs-portables\/#listItem","position":2,"name":"Ordinateurs portables","item":"https:\/\/droix.eu\/fr\/product-category\/ordinateurs-portables\/","nextItem":{"@type":"ListItem","@id":"https:\/\/droix.eu\/fr\/product-category\/ordinateurs-portables\/ordinateur-portable-tablette\/#listItem","name":"Ordinateur portable tablette"},"previousItem":{"@type":"ListItem","@id":"https:\/\/droix.eu\/fr\/#listItem","name":"Home"}},{"@type":"ListItem","@id":"https:\/\/droix.eu\/fr\/product-category\/ordinateurs-portables\/ordinateur-portable-tablette\/#listItem","position":3,"name":"Ordinateur portable tablette","item":"https:\/\/droix.eu\/fr\/product-category\/ordinateurs-portables\/ordinateur-portable-tablette\/","nextItem":{"@type":"ListItem","@id":"https:\/\/droix.eu\/fr\/product\/gpd-duo\/#listItem","name":"GPD DUO"},"previousItem":{"@type":"ListItem","@id":"https:\/\/droix.eu\/fr\/product-category\/ordinateurs-portables\/#listItem","name":"Ordinateurs portables"}},{"@type":"ListItem","@id":"https:\/\/droix.eu\/fr\/product\/gpd-duo\/#listItem","position":4,"name":"GPD DUO","previousItem":{"@type":"ListItem","@id":"https:\/\/droix.eu\/fr\/product-category\/ordinateurs-portables\/ordinateur-portable-tablette\/#listItem","name":"Ordinateur portable tablette"}}]},{"@type":"Organization","@id":"https:\/\/droix.eu\/fr\/#organization","name":"DroiX \u2013 Trusted EU Tech Retailer with 12+ Years Experience","description":"DroiX is a leading European technology retailer with over 12 years of experience, offering quality mini PCs, handheld gaming consoles, and tech accessories. We provide hassle-free EU delivery with all taxes included, ensuring a smooth and reliable shopping experience for our customers across Europe.","url":"https:\/\/droix.eu\/fr\/","logo":{"@type":"ImageObject","url":"https:\/\/droix.eu\/wp-content\/uploads\/2024\/06\/droix-v2-light-logo.png","@id":"https:\/\/droix.eu\/fr\/product\/gpd-duo\/#organizationLogo","width":380,"height":118},"image":{"@id":"https:\/\/droix.eu\/fr\/product\/gpd-duo\/#organizationLogo"},"sameAs":["https:\/\/www.facebook.com\/DroiX.Store","https:\/\/twitter.com\/DroiX_Store","https:\/\/www.instagram.com\/droix.store\/","https:\/\/www.tiktok.com\/@droix.store","https:\/\/www.youtube.com\/c\/DroiX_Store","https:\/\/uk.linkedin.com\/company\/droix"]},{"@type":"ProductGroup","@id":"https:\/\/droix.eu\/fr\/product\/gpd-duo\/#wooCommerceProduct","name":"GPD DUO","description":"\u00c9cran AMOLED de 13,3 pouces \u00e0 double \u00e9cran, compatible avec le stylet capacitif actif  \nAMD Ryzen\u2122 AI 9 HX 370 \/ Ryzen\u2122 7 8840U\nAMD Radeon 890M \/ 780M \/12 CUs 2900 \/ 2700 Mhz\njusqu'\u00e0 64 Go LPDDR5X @ 7500 MT\/s\nJusqu'\u00e0 8 To (4 To+4 To) PCI-E 4.0 NVMe SSD 2280 \u00e0 haut d\u00e9bit","url":"https:\/\/droix.eu\/fr\/product\/gpd-duo\/","image":{"@type":"ImageObject","url":"https:\/\/droix.eu\/wp-content\/uploads\/2025\/06\/GPD-DUO-LISTING-INFOGRAPHICS-01-GENERIC1.png","@id":"https:\/\/droix.eu\/fr\/product\/gpd-duo\/#productImage","width":1500,"height":1500,"caption":"Image de l'ordinateur portable GPD DUO, pr\u00e9sentant son design 3-en-1 avec deux \u00e9crans tactiles de 13,3 pouces, chacun avec une r\u00e9solution OLED 2,8K. L'ordinateur portable s'affiche dans diff\u00e9rents modes : tablette, tente et configuration d'ordinateur portable \u00e0 double \u00e9cran. L'\u00e9cran secondaire prend en charge l'entr\u00e9e vid\u00e9o via USB-C. Les sp\u00e9cifications mises en avant incluent AMD Ryzen 7 8840U ou Ryzen AI, jusqu'\u00e0 64 Go de RAM LPDDR5x, et jusqu'\u00e0 8 To de stockage SSD PCIe 4.0 NVMe."},"productGroupID":573649,"hasVariant":[{"@type":"Product","@id":"https:\/\/droix.eu\/fr\/product\/gpd-duo\/#wooCommerceProduct","name":"GPD DUO - new, ryzen-ai-9-hx-370, 64gb-lpddr5x-4tb-nvme-pcie-4-0-2280","description":"\u00c9cran AMOLED de 13,3 pouces \u00e0 double \u00e9cran, compatible avec le stylet capacitif actif  \nAMD Ryzen\u2122 AI 9 HX 370 \/ Ryzen\u2122 7 8840U\nAMD Radeon 890M \/ 780M \/12 CUs 2900 \/ 2700 Mhz\njusqu'\u00e0 64 Go LPDDR5X @ 7500 MT\/s\nJusqu'\u00e0 8 To (4 To+4 To) PCI-E 4.0 NVMe SSD 2280 \u00e0 haut d\u00e9bit","url":"https:\/\/droix.eu\/fr\/product\/gpd-duo\/","sku":"GPD-DUO-AI-9-HX-370-64GB_RAM_4TB_SSD","gtin":"5060763679115","image":{"@type":"ImageObject","url":"https:\/\/droix.eu\/wp-content\/uploads\/2024\/09\/GPD-DUO-LISTING-INFOGRAPHICS-01-64-4.png","@id":"https:\/\/droix.eu\/fr\/product\/gpd-duo\/#productImage","width":1500,"height":1500},"offers":{"@type":"Offer","url":"https:\/\/droix.eu\/fr\/product\/gpd-duo\/#wooCommerceOffer","price":"2524.95","priceCurrency":"EUR","category":"Ordinateur portable \u00e0 double \u00e9cran","availability":"https:\/\/schema.org\/OutOfStock","priceSpecification":{"@type":"PriceSpecification","price":2524.95,"priceCurrency":"EUR","valueAddedTaxIncluded":"true"}}},{"@type":"Product","@id":"https:\/\/droix.eu\/fr\/product\/gpd-duo\/#wooCommerceProduct","name":"GPD DUO - new, ryzen-ai-9-hx-370, 64gb-lpddr5x-8tb-nvme-pcie-4-0-2280","description":"\u00c9cran AMOLED de 13,3 pouces \u00e0 double \u00e9cran, compatible avec le stylet capacitif actif  \nAMD Ryzen\u2122 AI 9 HX 370 \/ Ryzen\u2122 7 8840U\nAMD Radeon 890M \/ 780M \/12 CUs 2900 \/ 2700 Mhz\njusqu'\u00e0 64 Go LPDDR5X @ 7500 MT\/s\nJusqu'\u00e0 8 To (4 To+4 To) PCI-E 4.0 NVMe SSD 2280 \u00e0 haut d\u00e9bit","url":"https:\/\/droix.eu\/fr\/product\/gpd-duo\/","sku":"GPD-DUO-AI-9-HX-370-64GB_RAM_8TB_SSD","gtin":"5060763679801","image":{"@type":"ImageObject","url":"https:\/\/droix.eu\/wp-content\/uploads\/2024\/09\/GPD-DUO-LISTING-INFOGRAPHICS-01-64-8.png","@id":"https:\/\/droix.eu\/fr\/product\/gpd-duo\/#productImage","width":1500,"height":1500},"offers":{"@type":"Offer","url":"https:\/\/droix.eu\/fr\/product\/gpd-duo\/#wooCommerceOffer","price":"2511.95","priceCurrency":"EUR","category":"Ordinateur portable \u00e0 double \u00e9cran","availability":"https:\/\/schema.org\/OutOfStock","priceSpecification":{"@type":"PriceSpecification","price":2511.95,"priceCurrency":"EUR","valueAddedTaxIncluded":"true"}}},{"@type":"Product","@id":"https:\/\/droix.eu\/fr\/product\/gpd-duo\/#wooCommerceProduct","name":"GPD DUO - new, ryzen-ai-9-hx-370, 64gb-lpddr5x-2tb-nvme-pcie-4-0-2280","description":"\u00c9cran AMOLED de 13,3 pouces \u00e0 double \u00e9cran, compatible avec le stylet capacitif actif  \nAMD Ryzen\u2122 AI 9 HX 370 \/ Ryzen\u2122 7 8840U\nAMD Radeon 890M \/ 780M \/12 CUs 2900 \/ 2700 Mhz\njusqu'\u00e0 64 Go LPDDR5X @ 7500 MT\/s\nJusqu'\u00e0 8 To (4 To+4 To) PCI-E 4.0 NVMe SSD 2280 \u00e0 haut d\u00e9bit","url":"https:\/\/droix.eu\/fr\/product\/gpd-duo\/","sku":"GPD-DUO-AI-9-HX-370-64GB_RAM_2TB_SSD","gtin":"5060763679788","image":{"@type":"ImageObject","url":"https:\/\/droix.eu\/wp-content\/uploads\/2024\/09\/GPD-DUO-LISTING-INFOGRAPHICS-01-64-2.png","@id":"https:\/\/droix.eu\/fr\/product\/gpd-duo\/#productImage","width":1500,"height":1500},"offers":{"@type":"Offer","url":"https:\/\/droix.eu\/fr\/product\/gpd-duo\/#wooCommerceOffer","price":"1964.95","priceCurrency":"EUR","category":"Ordinateur portable \u00e0 double \u00e9cran","availability":"https:\/\/schema.org\/OutOfStock","priceSpecification":{"@type":"PriceSpecification","price":1964.95,"priceCurrency":"EUR","valueAddedTaxIncluded":"true"}}},{"@type":"Product","@id":"https:\/\/droix.eu\/fr\/product\/gpd-duo\/#wooCommerceProduct","name":"GPD DUO - new, ryzen-ai-9-hx-370, 32gb-lpddr5x-4tb-nvme-pcie-4-0-2280","description":"\u00c9cran AMOLED de 13,3 pouces \u00e0 double \u00e9cran, compatible avec le stylet capacitif actif  \nAMD Ryzen\u2122 AI 9 HX 370 \/ Ryzen\u2122 7 8840U\nAMD Radeon 890M \/ 780M \/12 CUs 2900 \/ 2700 Mhz\njusqu'\u00e0 64 Go LPDDR5X @ 7500 MT\/s\nJusqu'\u00e0 8 To (4 To+4 To) PCI-E 4.0 NVMe SSD 2280 \u00e0 haut d\u00e9bit","url":"https:\/\/droix.eu\/fr\/product\/gpd-duo\/","sku":"GPD-DUO-AI-9-HX-370-32GB_RAM_4TB_SSD","gtin":"5061077630946","image":{"@type":"ImageObject","url":"https:\/\/droix.eu\/wp-content\/uploads\/2025\/01\/GPD-DUO-LISTING-INFOGRAPHICS-01-32-4.png","@id":"https:\/\/droix.eu\/fr\/product\/gpd-duo\/#productImage","width":1500,"height":1500},"offers":{"@type":"Offer","url":"https:\/\/droix.eu\/fr\/product\/gpd-duo\/#wooCommerceOffer","price":"2439.95","priceCurrency":"EUR","category":"Ordinateur portable \u00e0 double \u00e9cran","availability":"https:\/\/schema.org\/InStock","priceSpecification":{"@type":"PriceSpecification","price":2439.95,"priceCurrency":"EUR","valueAddedTaxIncluded":"true"}}},{"@type":"Product","@id":"https:\/\/droix.eu\/fr\/product\/gpd-duo\/#wooCommerceProduct","name":"GPD DUO - new, ryzen-ai-9-hx-370, 32gb-lpddr5x-2tb-nvme-pcie-4-0-2280","description":"\u00c9cran AMOLED de 13,3 pouces \u00e0 double \u00e9cran, compatible avec le stylet capacitif actif  \nAMD Ryzen\u2122 AI 9 HX 370 \/ Ryzen\u2122 7 8840U\nAMD Radeon 890M \/ 780M \/12 CUs 2900 \/ 2700 Mhz\njusqu'\u00e0 64 Go LPDDR5X @ 7500 MT\/s\nJusqu'\u00e0 8 To (4 To+4 To) PCI-E 4.0 NVMe SSD 2280 \u00e0 haut d\u00e9bit","url":"https:\/\/droix.eu\/fr\/product\/gpd-duo\/","sku":"GPD-DUO-AI-9-HX-370-32GB_RAM_2TB_SSD","gtin":"5060763679368","image":{"@type":"ImageObject","url":"https:\/\/droix.eu\/wp-content\/uploads\/2024\/09\/GPD-DUO-LISTING-INFOGRAPHICS-01-32-2.png","@id":"https:\/\/droix.eu\/fr\/product\/gpd-duo\/#productImage","width":1500,"height":1500},"offers":{"@type":"Offer","url":"https:\/\/droix.eu\/fr\/product\/gpd-duo\/#wooCommerceOffer","price":"1878.95","priceCurrency":"EUR","category":"Ordinateur portable \u00e0 double \u00e9cran","availability":"https:\/\/schema.org\/InStock","priceSpecification":{"@type":"PriceSpecification","price":1878.95,"priceCurrency":"EUR","valueAddedTaxIncluded":"true"}}},{"@type":"Product","@id":"https:\/\/droix.eu\/fr\/product\/gpd-duo\/#wooCommerceProduct","name":"GPD DUO - new, ryzen-ai-9-hx-370, 32gb-lpddr5x-1tb-nvme-pcie-4-0-2280","description":"\u00c9cran AMOLED de 13,3 pouces \u00e0 double \u00e9cran, compatible avec le stylet capacitif actif  \nAMD Ryzen\u2122 AI 9 HX 370 \/ Ryzen\u2122 7 8840U\nAMD Radeon 890M \/ 780M \/12 CUs 2900 \/ 2700 Mhz\njusqu'\u00e0 64 Go LPDDR5X @ 7500 MT\/s\nJusqu'\u00e0 8 To (4 To+4 To) PCI-E 4.0 NVMe SSD 2280 \u00e0 haut d\u00e9bit","url":"https:\/\/droix.eu\/fr\/product\/gpd-duo\/","sku":"GPD-DUO-AI-9-HX-370-32GB_RAM_1TB_SSD","gtin":"5060763679771","image":{"@type":"ImageObject","url":"https:\/\/droix.eu\/wp-content\/uploads\/2024\/09\/GPD-DUO-LISTING-INFOGRAPHICS-01-32-1.png","@id":"https:\/\/droix.eu\/fr\/product\/gpd-duo\/#productImage","width":1500,"height":1500},"offers":{"@type":"Offer","url":"https:\/\/droix.eu\/fr\/product\/gpd-duo\/#wooCommerceOffer","price":"1775.95","priceCurrency":"EUR","category":"Ordinateur portable \u00e0 double \u00e9cran","availability":"https:\/\/schema.org\/InStock","priceSpecification":{"@type":"PriceSpecification","price":1775.95,"priceCurrency":"EUR","valueAddedTaxIncluded":"true"}}}]},{"@type":"WebPage","@id":"https:\/\/droix.eu\/fr\/product\/gpd-duo\/#webpage","url":"https:\/\/droix.eu\/fr\/product\/gpd-duo\/","name":"GPD DUO - DROIX EU","description":"\u00c9cran AMOLED de 13,3 pouces \u00e0 double \u00e9cran, compatible avec le stylet capacitif actif AMD Ryzen\u2122 AI 9 HX 370 \/ Ryzen\u2122 7 8840U AMD Radeon 890M \/ 780M \/12 CUs 2900 \/ 2700 Mhz jusqu'\u00e0 64 Go LPDDR5X @ 7500 MT\/s Jusqu'\u00e0 8 To (4 To+4 To) PCI-E 4.0 NVMe SSD 2280 \u00e0 haut d\u00e9bit","inLanguage":"fr-FR","isPartOf":{"@id":"https:\/\/droix.eu\/fr\/#website"},"breadcrumb":{"@id":"https:\/\/droix.eu\/fr\/product\/gpd-duo\/#breadcrumblist"},"image":{"@type":"ImageObject","url":"https:\/\/droix.eu\/wp-content\/uploads\/2025\/06\/GPD-DUO-LISTING-INFOGRAPHICS-01-GENERIC1.png","@id":"https:\/\/droix.eu\/fr\/product\/gpd-duo\/#mainImage","width":1500,"height":1500,"caption":"Image de l'ordinateur portable GPD DUO, pr\u00e9sentant son design 3-en-1 avec deux \u00e9crans tactiles de 13,3 pouces, chacun avec une r\u00e9solution OLED 2,8K. L'ordinateur portable s'affiche dans diff\u00e9rents modes : tablette, tente et configuration d'ordinateur portable \u00e0 double \u00e9cran. L'\u00e9cran secondaire prend en charge l'entr\u00e9e vid\u00e9o via USB-C. Les sp\u00e9cifications mises en avant incluent AMD Ryzen 7 8840U ou Ryzen AI, jusqu'\u00e0 64 Go de RAM LPDDR5x, et jusqu'\u00e0 8 To de stockage SSD PCIe 4.0 NVMe."},"primaryImageOfPage":{"@id":"https:\/\/droix.eu\/fr\/product\/gpd-duo\/#mainImage"},"datePublished":"2025-06-04T11:47:38+01:00","dateModified":"2026-01-19T14:36:48+00:00"},{"@type":"WebSite","@id":"https:\/\/droix.eu\/fr\/#website","url":"https:\/\/droix.eu\/fr\/","name":"DROIX EU","description":"Get the latest Mini PCs, Ultrabook, PC Gaming Handhelds and more!","inLanguage":"fr-FR","publisher":{"@id":"https:\/\/droix.eu\/fr\/#organization"}}]},"og:locale":"fr_FR","og:site_name":"DROIX EU - Get the latest Mini PCs, Ultrabook, PC Gaming Handhelds and more!","og:type":"article","og:title":"GPD DUO - DROIX EU","og:description":"\u00c9cran AMOLED de 13,3 pouces \u00e0 double \u00e9cran, compatible avec le stylet capacitif actif AMD Ryzen\u2122 AI 9 HX 370 \/ Ryzen\u2122 7 8840U AMD Radeon 890M \/ 780M \/12 CUs 2900 \/ 2700 Mhz jusqu'\u00e0 64 Go LPDDR5X @ 7500 MT\/s Jusqu'\u00e0 8 To (4 To+4 To) PCI-E 4.0 NVMe SSD 2280 \u00e0 haut d\u00e9bit","og:url":"https:\/\/droix.eu\/fr\/product\/gpd-duo\/","og:image":"https:\/\/droix.eu\/wp-content\/uploads\/2024\/06\/droix-v2-light-logo.png","og:image:secure_url":"https:\/\/droix.eu\/wp-content\/uploads\/2024\/06\/droix-v2-light-logo.png","og:image:width":380,"og:image:height":118,"article:published_time":"2025-06-04T10:47:38+00:00","article:modified_time":"2026-01-19T14:36:48+00:00","article:publisher":"https:\/\/www.facebook.com\/DroiX.Store","twitter:card":"summary_large_image","twitter:site":"@DroiX_Store","twitter:title":"GPD DUO - DROIX EU","twitter:description":"\u00c9cran AMOLED de 13,3 pouces \u00e0 double \u00e9cran, compatible avec le stylet capacitif actif AMD Ryzen\u2122 AI 9 HX 370 \/ Ryzen\u2122 7 8840U AMD Radeon 890M \/ 780M \/12 CUs 2900 \/ 2700 Mhz jusqu'\u00e0 64 Go LPDDR5X @ 7500 MT\/s Jusqu'\u00e0 8 To (4 To+4 To) PCI-E 4.0 NVMe SSD 2280 \u00e0 haut d\u00e9bit","twitter:image":"https:\/\/droix.eu\/wp-content\/uploads\/2024\/06\/droix-v2-light-logo.png"},"aioseo_meta_data":{"post_id":"573649","title":null,"description":null,"keywords":null,"keyphrases":{"focus":{"keyphrase":"","score":0,"analysis":{"keyphraseInTitle":{"score":0,"maxScore":9,"error":1}}},"additional":[]},"primary_term":null,"canonical_url":null,"og_title":null,"og_description":null,"og_object_type":"default","og_image_type":"default","og_image_url":null,"og_image_width":null,"og_image_height":null,"og_image_custom_url":null,"og_image_custom_fields":null,"og_video":"","og_custom_url":null,"og_article_section":null,"og_article_tags":null,"twitter_use_og":true,"twitter_card":"default","twitter_image_type":"default","twitter_image_url":null,"twitter_image_custom_url":null,"twitter_image_custom_fields":null,"twitter_title":null,"twitter_description":null,"schema":{"blockGraphs":[],"customGraphs":[],"default":{"data":{"Article":[],"Course":[],"Dataset":[],"FAQPage":[],"Movie":[],"Person":[],"Product":[],"ProductReview":[],"Car":[],"Recipe":[],"Service":[],"SoftwareApplication":[],"WebPage":[]},"graphName":"Product","isEnabled":true},"graphs":[]},"schema_type":"default","schema_type_options":null,"pillar_content":false,"robots_default":true,"robots_noindex":false,"robots_noarchive":false,"robots_nosnippet":false,"robots_nofollow":false,"robots_noimageindex":false,"robots_noodp":false,"robots_notranslate":false,"robots_max_snippet":"-1","robots_max_videopreview":"-1","robots_max_imagepreview":"large","priority":null,"frequency":"default","local_seo":null,"seo_analyzer_scan_date":null,"breadcrumb_settings":null,"limit_modified_date":false,"reviewed_by":null,"open_ai":null,"ai":{"faqs":[],"keyPoints":[],"titles":[],"descriptions":[],"socialPosts":{"email":[],"linkedin":[],"twitter":[],"facebook":[],"instagram":[]}},"created":"2025-10-09 11:01:03","updated":"2026-01-24 15:14:25"},"aioseo_breadcrumb":"<div class=\"aioseo-breadcrumbs\"><span class=\"aioseo-breadcrumb\">\n\t<a href=\"https:\/\/droix.eu\/fr\/\" title=\"Home\">Home<\/a>\n<\/span><span class=\"aioseo-breadcrumb-separator\">&raquo;<\/span><span class=\"aioseo-breadcrumb\">\n\t<a href=\"https:\/\/droix.eu\/fr\/product-category\/ordinateurs-portables\/\" title=\"Ordinateurs portables\">Ordinateurs portables<\/a>\n<\/span><span class=\"aioseo-breadcrumb-separator\">&raquo;<\/span><span class=\"aioseo-breadcrumb\">\n\t<a href=\"https:\/\/droix.eu\/fr\/product-category\/ordinateurs-portables\/ordinateur-portable-tablette\/\" title=\"Ordinateur portable tablette\">Ordinateur portable tablette<\/a>\n<\/span><span class=\"aioseo-breadcrumb-separator\">&raquo;<\/span><span class=\"aioseo-breadcrumb\">\n\tGPD DUO\n<\/span><\/div>","aioseo_breadcrumb_json":[{"label":"Home","link":"https:\/\/droix.eu\/fr\/"},{"label":"Ordinateurs portables","link":"https:\/\/droix.eu\/fr\/product-category\/ordinateurs-portables\/"},{"label":"Ordinateur portable tablette","link":"https:\/\/droix.eu\/fr\/product-category\/ordinateurs-portables\/ordinateur-portable-tablette\/"},{"label":"GPD DUO","link":"https:\/\/droix.eu\/fr\/product\/gpd-duo\/"}],"_links":{"self":[{"href":"https:\/\/droix.eu\/fr\/wp-json\/wp\/v2\/product\/573649","targetHints":{"allow":["GET"]}}],"collection":[{"href":"https:\/\/droix.eu\/fr\/wp-json\/wp\/v2\/product"}],"about":[{"href":"https:\/\/droix.eu\/fr\/wp-json\/wp\/v2\/types\/product"}],"version-history":[{"count":0,"href":"https:\/\/droix.eu\/fr\/wp-json\/wp\/v2\/product\/573649\/revisions"}],"wp:featuredmedia":[{"embeddable":true,"href":"https:\/\/droix.eu\/fr\/wp-json\/wp\/v2\/media\/573273"}],"wp:attachment":[{"href":"https:\/\/droix.eu\/fr\/wp-json\/wp\/v2\/media?parent=573649"}],"wp:term":[{"taxonomy":"product_brand","embeddable":true,"href":"https:\/\/droix.eu\/fr\/wp-json\/wp\/v2\/product_brand?post=573649"},{"taxonomy":"product_cat","embeddable":true,"href":"https:\/\/droix.eu\/fr\/wp-json\/wp\/v2\/product_cat?post=573649"},{"taxonomy":"product_tag","embeddable":true,"href":"https:\/\/droix.eu\/fr\/wp-json\/wp\/v2\/product_tag?post=573649"},{"taxonomy":"woo-feed-brand","embeddable":true,"href":"https:\/\/droix.eu\/fr\/wp-json\/wp\/v2\/woo-feed-brand?post=573649"},{"taxonomy":"key-features","embeddable":true,"href":"https:\/\/droix.eu\/fr\/wp-json\/wp\/v2\/key-features?post=573649"}],"curies":[{"name":"wp","href":"https:\/\/api.w.org\/{rel}","templated":true}]}}